{"id":828,"date":"2016-07-22T08:50:29","date_gmt":"2016-07-22T07:50:29","guid":{"rendered":"http:\/\/www.maisonbeausoleil.fr\/?page_id=828"},"modified":"2025-12-15T17:35:22","modified_gmt":"2025-12-15T16:35:22","slug":"mentions-legales","status":"publish","type":"page","link":"https:\/\/www.maisonbeausoleil.fr\/index.php\/mentions-legales\/","title":{"rendered":"Mentions l\u00e9gales"},"content":{"rendered":"<div class=\"flex_column av_one_full  flex_column_div first  avia-builder-el-0  avia-builder-el-no-sibling  \" ><section class=\"av_textblock_section \"  itemscope=\"itemscope\" itemtype=\"https:\/\/schema.org\/CreativeWork\" ><div class='avia_textblock  '   itemprop=\"text\" ><p><strong>Mentions l\u00e9gales<\/strong><\/p>\n<p>Le site maisonbeausoleil.fr pr\u00e9sente les activit\u00e9s de Jean-Yves Gommerel-EI ma\u00eetre d\u2019\u0153uvre en b\u00e2timent. Son but est de mettre au point un service \u00e9lectronique d\u2019informations.<br \/>\nEn acc\u00e9dant \u00e0 ce site, vous acceptez les pr\u00e9sentes conditions g\u00e9n\u00e9rales d\u2019utilisation.<\/p>\n<p><strong>Pr\u00e9sentation du site<\/strong><\/p>\n<p>Le site a pour vocation de vous fournir des informations des activit\u00e9s de Jean-Yves Gommerel-EI ma\u00eetre\u00a0d\u2019\u0153uvre en b\u00e2timent. Son but est de mettre au point un service \u00e9lectronique d\u2019informations.<\/p>\n<p>Le site est la propri\u00e9t\u00e9 de Jean-Yves Gommerel, entrepreneur individuel, 10 rue Beausoleil 53360 Orign\u00e9. Son Directeur de la Publication est Monsieur Jean-Yves Gommerel. Son Responsable de la R\u00e9daction est Monsieur Jean-Yves Gommerel.<\/p>\n<p><strong>Respect des droits de propri\u00e9t\u00e9 et des marques<\/strong><\/p>\n<p>L\u2019ensemble des \u00e9l\u00e9ments que vous voyez, \u00e9coutez ou que vous lisez sur le site ainsi que le site lui-m\u00eame sont prot\u00e9g\u00e9s par la l\u00e9gislation sur le droit d\u2019auteur. Vous ne pouvez en aucun cas utiliser, distribuer, copier, reproduire, modifier, d\u00e9naturer ou transmettre le site ou des \u00e9l\u00e9ments du site tels que textes, images ou sons, sans l\u2019autorisation \u00e9crite pr\u00e9alable de Jean-Yves Gommerel. Les marques et logos figurant sur le site sont la propri\u00e9t\u00e9 de Jean-Yves Gommerel ou font l\u2019objet d\u2019une autorisation d\u2019utilisation. Aucun droit ou licence ne saurait \u00eatre attribu\u00e9 sur l\u2019un quelconque de ces \u00e9l\u00e9ments sans l\u2019autorisation \u00e9crite de Jean-Yves Gommerel ou du tiers, d\u00e9tenteur des droits sur la marque ou logo figurant sur le site. Jean-Yves Gommerel se r\u00e9serve le droit de poursuivre toute action de contrefa\u00e7on de ses droits de propri\u00e9t\u00e9 intellectuelle, y compris dans le cadre d\u2019une action p\u00e9nale.<\/p>\n<p><strong>Respect des images<\/strong><\/p>\n<p>Les images ou photographies des personnes ou de lieux figurant sur le site sont la propri\u00e9t\u00e9 de Jean-Yves Gommerel et\/ou sont utilis\u00e9es par Jean-Yves Gommerel avec l\u2019accord des titulaires des droits. L\u2019utilisation de ces images ou photographies est interdite sans autorisation sp\u00e9cifique et \u00e9crite de Jean-Yves Gommerel. Toute utilisation non autoris\u00e9e peut entra\u00eener une violation des droits d\u2019auteur, des droits \u00e0 l\u2019image, des droits des personnes ou de toutes autres r\u00e9glementations applicables aux communications ou \u00e0 la publicit\u00e9.<\/p>\n<p><strong>Mise en garde g\u00e9n\u00e9rale<\/strong><\/p>\n<p>Jean-Yves Gommerel ne saurait \u00eatre responsable des dommages qui pourraient r\u00e9sulter de l\u2019acc\u00e8s ou de l\u2019utilisation du site, incluant toutes d\u00e9t\u00e9riorations ou virus qui pourraient infecter votre \u00e9quipement informatique ou tout autre bien. Bien que Jean-Yves Gommerel s\u2019efforce raisonnablement de mettre \u00e0 jour les informations pr\u00e9cises publi\u00e9es sur le site, Jean-Yves Gommerel ne saurait \u00eatre tenue pour responsable\u00a0de toute erreur ou omission.<\/p>\n<p>Les documents sur ce site peuvent contenir des pr\u00e9visions concernant la situation financi\u00e8re, les activit\u00e9s et la strat\u00e9gie de Jean-Yves Gommerel. Plus pr\u00e9cis\u00e9ment, les d\u00e9clarations concernant les objectifs de la Direction, les estimations, les tendances en ce qui concerne les r\u00e9sultats, sont de nature pr\u00e9visionnelle. Ces pr\u00e9visions sont fond\u00e9es sur des hypoth\u00e8ses qui peuvent s\u2019av\u00e9rer inexactes et sont d\u00e9pendantes de conditions \u00e9conomiques et financi\u00e8res g\u00e9n\u00e9rales. Jean-Yves Gommerel n\u2019assume aucune responsabilit\u00e9 concernant la mise \u00e0 jour des pr\u00e9visions due \u00e0 des informations nouvelles ou \u00e0 des \u00e9v\u00e8nements futurs ou autres.<\/p>\n<p><strong>Exclusion de responsabilit\u00e9 et indemnisation<\/strong><\/p>\n<p>Jean-Yves Gommerel ou toute autre partie intervenant en relation avec le site ne saurait \u00eatre responsable des dommages directs, indirects ou autres qui pourraient r\u00e9sulter de l\u2019acc\u00e8s ou de l\u2019utilisation du site ou des informations y figurant.<\/p>\n<p><strong>Liens vers d\u2019autres sites<\/strong><\/p>\n<p>Jean-Yves Gommerel propose des liens depuis son site vers d\u2019autres sites affili\u00e9s et non-affili\u00e9s. Ces sites sont ind\u00e9pendants du site. Jean-Yves Gommerel n\u2019\u00e9dite pas et ne contr\u00f4le pas ces sites. Les liens vers tous sites ne constituent, en aucun cas, une approbation ou un partenariat entre Jean-Yves Gommerel et ces sites. D\u00e8s lors Jean-Yves Gommerel ne saurait \u00eatre responsable de leurs contenus, leurs produits, leurs publicit\u00e9s ou tous \u00e9l\u00e9ments ou services pr\u00e9sent\u00e9s sur ces sites. Nous vous rappelons que les sites affili\u00e9s ou non-affili\u00e9s sont soumis \u00e0 leurs propres conditions d\u2019utilisation et politiques de protection de la vie priv\u00e9e.<\/p>\n<p><strong>Respect de la r\u00e9glementation<\/strong><\/p>\n<p>Le site est mis en place par Jean-Yves Gommerel dont le si\u00e8ge social est en France. Le site est soumis \u00e0 la r\u00e9glementation fran\u00e7aise.<\/p>\n<p><strong>Acc\u00e8s au site<\/strong><\/p>\n<p>Jean-Yves Gommerel se r\u00e9serve le droit quelle qu\u2019en soit la raison et \u00e0 sa seule discr\u00e9tion, de r\u00e9silier, de modifier, de suspendre ou d\u2019interrompre l\u2019acc\u00e8s \u00e0 tout ou partie du site, y compris notamment le contenu, les fonctionnalit\u00e9s ou les heures de disponibilit\u00e9 sans avis pr\u00e9alable.<\/p>\n<p><strong>Modification des conditions<\/strong><\/p>\n<p>Jean-Yves Gommerel se r\u00e9serve le droit de modifier ou de fa\u00e7on plus g\u00e9n\u00e9rale, d\u2019actualiser les pr\u00e9sentes conditions g\u00e9n\u00e9rales \u00e0 tout moment et sans pr\u00e9avis. C\u2019est pourquoi, nous vous invitons \u00e0 les consulter r\u00e9guli\u00e8rement.<\/p>\n<p><strong>Utilisation des donn\u00e9es personnelles<\/strong><\/p>\n<p><strong>A\/ Loi informatique et libert\u00e9<\/strong><br \/>\nLes donn\u00e9es personnelles que nous pourrions \u00eatre amen\u00e9s \u00e0 recueillir sont exclusivement destin\u00e9es \u00e0 notre Service Relations Clients pour vous permettre de profiter des services offerts par le site. Certaines informations personnelles vous concernant peuvent \u00eatre c\u00e9d\u00e9es \u00e0 des tiers, sauf si vous nous avez fait conna\u00eetre votre droit d\u2019opposition dans les conditions indiqu\u00e9es ci-dessous.<\/p>\n<p>Conform\u00e9ment \u00e0 la Loi Informatique et Libert\u00e9s du 6 janvier 1978 modifi\u00e9e, vous disposez d\u2019un droit d\u2019acc\u00e8s, de modification, de rectification et de suppression des donn\u00e9es personnelles que nous pourrions \u00eatre amen\u00e9s \u00e0 recueillir. Il vous suffit de nous contacter en nous rappelant vos nom, pr\u00e9nom, adresse et e-mail\u00a0:<br \/>\n&#8211; par mail\u00a0:\u00a0<u>jean-yves.gommerel@wanadoo.fr<\/u>.<br \/>\n&#8211; par courrier \u00e0\u00a0: Jean-Yves Gommerel \u2013 10 rue Beausoleil \u2013 53360 Orign\u00e9<br \/>\n&#8211; par t\u00e9l\u00e9phone au : 02 43 64 27 95 (+ surco\u00fbt \u00e9ventuel de votre op\u00e9rateur).<\/p>\n<p><strong>B\/ Utilisation des adresses IP<\/strong><br \/>\nUne adresse IP est un nombre qui est automatiquement assign\u00e9 \u00e0 votre ordinateur par votre fournisseur d\u2019acc\u00e8s Internet lorsque vous naviguez sur le Web. Lorsque vous consultez des pages de notre site, nos serveurs enregistrent votre adresse IP.<\/p>\n<p>Jean-Yves Gommerel collecte les adresses IP pour g\u00e9rer son propre syst\u00e8me informatique et pour analyser l\u2019utilisation faite de son site. Nous ne rattachons les adresses IP \u00e0 aucune information \u00e0 caract\u00e8re personnel, ce qui signifie que vos consultations sont enregistr\u00e9es mais que vous demeurez anonyme pour nous.<\/p>\n<p><strong>C\/ L&rsquo;e-mail publicitaire<\/strong><br \/>\nSeuls les internautes abonn\u00e9s \u00e0 la Lettre d\u2019Information de Jean-Yves Gommerel re\u00e7oivent des e-mails \u00e0 caract\u00e8re publicitaire. L\u2019information de votre adresse e-mail est indispensable pour recevoir cette Lettre d\u2019Information. En fin de chaque mail, vous avez la possibilit\u00e9 de vous d\u00e9sabonner de cette Lettre, par simple clic. Vous y trouvez \u00e9galement la possibilit\u00e9 de modifier l\u2019information que vous avez fournie.<\/p>\n<p><strong>D\/ Les cookies<\/strong><br \/>\nPour g\u00e9rer l&rsquo;int\u00e9grit\u00e9 de votre connexion, nous utilisons un cookie de session. Il s&rsquo;autod\u00e9truit et n&rsquo;enregistre aucune information sur votre ordinateur.<\/p>\n<p><strong>H\u00e9bergeur<\/strong><\/p>\n<p>OVH \u2013 SAS \u2013 2 rue Kellermann \u2013 59100 Roubaix \u2013 France \u2013 T\u00e9l\u00a0: +33 9 72 10 10 07<\/p>\n<\/div><\/section><\/div>\n","protected":false},"excerpt":{"rendered":"","protected":false},"author":1,"featured_media":0,"parent":0,"menu_order":0,"comment_status":"closed","ping_status":"closed","template":"","meta":{"footnotes":""},"class_list":["post-828","page","type-page","status-publish","hentry"],"yoast_head":"<!-- This site is optimized with the Yoast SEO plugin v27.5 - https:\/\/yoast.com\/product\/yoast-seo-wordpress\/ -->\n<title>Mentions l\u00e9gales - Maison passive bioclimatique ossature bois isolation paille<\/title>\n<meta name=\"description\" content=\"les mentions l\u00e9gales de Maison beausoleil\" \/>\n<meta name=\"robots\" content=\"index, follow, max-snippet:-1, max-image-preview:large, max-video-preview:-1\" \/>\n<link rel=\"canonical\" href=\"https:\/\/www.maisonbeausoleil.fr\/index.php\/mentions-legales\/\" \/>\n<meta property=\"og:locale\" content=\"fr_FR\" \/>\n<meta property=\"og:type\" content=\"article\" \/>\n<meta property=\"og:title\" content=\"Mentions l\u00e9gales - Maison passive bioclimatique ossature bois isolation paille\" \/>\n<meta property=\"og:description\" content=\"les mentions l\u00e9gales de Maison beausoleil\" \/>\n<meta property=\"og:url\" content=\"https:\/\/www.maisonbeausoleil.fr\/index.php\/mentions-legales\/\" \/>\n<meta property=\"og:site_name\" content=\"Maison passive bioclimatique ossature bois isolation paille\" \/>\n<meta property=\"article:publisher\" content=\"https:\/\/www.facebook.com\/maisonenergiepositive\/?locale=fr_FR\" \/>\n<meta property=\"article:modified_time\" content=\"2025-12-15T16:35:22+00:00\" \/>\n<meta name=\"twitter:card\" content=\"summary_large_image\" \/>\n<meta name=\"twitter:site\" content=\"@UC0WxY73_wQkCxambOiOLiGQ\" \/>\n<meta name=\"twitter:label1\" content=\"Dur\u00e9e de lecture estim\u00e9e\" \/>\n\t<meta name=\"twitter:data1\" content=\"6 minutes\" \/>\n<script type=\"application\/ld+json\" class=\"yoast-schema-graph\">{\"@context\":\"https:\\\/\\\/schema.org\",\"@graph\":[{\"@type\":\"WebPage\",\"@id\":\"https:\\\/\\\/www.maisonbeausoleil.fr\\\/index.php\\\/mentions-legales\\\/\",\"url\":\"https:\\\/\\\/www.maisonbeausoleil.fr\\\/index.php\\\/mentions-legales\\\/\",\"name\":\"Mentions l\u00e9gales - Maison passive bioclimatique ossature bois isolation paille\",\"isPartOf\":{\"@id\":\"https:\\\/\\\/www.maisonbeausoleil.fr\\\/#website\"},\"datePublished\":\"2016-07-22T07:50:29+00:00\",\"dateModified\":\"2025-12-15T16:35:22+00:00\",\"description\":\"les mentions l\u00e9gales de Maison beausoleil\",\"breadcrumb\":{\"@id\":\"https:\\\/\\\/www.maisonbeausoleil.fr\\\/index.php\\\/mentions-legales\\\/#breadcrumb\"},\"inLanguage\":\"fr-FR\",\"potentialAction\":[{\"@type\":\"ReadAction\",\"target\":[\"https:\\\/\\\/www.maisonbeausoleil.fr\\\/index.php\\\/mentions-legales\\\/\"]}]},{\"@type\":\"BreadcrumbList\",\"@id\":\"https:\\\/\\\/www.maisonbeausoleil.fr\\\/index.php\\\/mentions-legales\\\/#breadcrumb\",\"itemListElement\":[{\"@type\":\"ListItem\",\"position\":1,\"name\":\"Accueil\",\"item\":\"https:\\\/\\\/www.maisonbeausoleil.fr\\\/index.php\\\/construire-en-paille-mayenne-53\\\/\"},{\"@type\":\"ListItem\",\"position\":2,\"name\":\"Mentions l\u00e9gales\"}]},{\"@type\":\"WebSite\",\"@id\":\"https:\\\/\\\/www.maisonbeausoleil.fr\\\/#website\",\"url\":\"https:\\\/\\\/www.maisonbeausoleil.fr\\\/\",\"name\":\"Maison passive bioclimatique \u00e0 isolation paille\",\"description\":\"JY Gommerel dessine votre maison passive bioclimatique isolation paille en Mayenne\",\"publisher\":{\"@id\":\"https:\\\/\\\/www.maisonbeausoleil.fr\\\/#organization\"},\"alternateName\":\"Maison passive bioclimatique \u00e0 isolation paille en Mayenne 53\",\"potentialAction\":[{\"@type\":\"SearchAction\",\"target\":{\"@type\":\"EntryPoint\",\"urlTemplate\":\"https:\\\/\\\/www.maisonbeausoleil.fr\\\/?s={search_term_string}\"},\"query-input\":{\"@type\":\"PropertyValueSpecification\",\"valueRequired\":true,\"valueName\":\"search_term_string\"}}],\"inLanguage\":\"fr-FR\"},{\"@type\":\"Organization\",\"@id\":\"https:\\\/\\\/www.maisonbeausoleil.fr\\\/#organization\",\"name\":\"Maison passive bioclimatique \u00e0 isolation paille\",\"alternateName\":\"Maison passive bioclimatique \u00e0 isolation paille en Mayenne 53\",\"url\":\"https:\\\/\\\/www.maisonbeausoleil.fr\\\/\",\"logo\":{\"@type\":\"ImageObject\",\"inLanguage\":\"fr-FR\",\"@id\":\"https:\\\/\\\/www.maisonbeausoleil.fr\\\/#\\\/schema\\\/logo\\\/image\\\/\",\"url\":\"https:\\\/\\\/www.maisonbeausoleil.fr\\\/wp-content\\\/uploads\\\/2021\\\/12\\\/LOGO-BEAUSOLEIL-FINAL.jpg\",\"contentUrl\":\"https:\\\/\\\/www.maisonbeausoleil.fr\\\/wp-content\\\/uploads\\\/2021\\\/12\\\/LOGO-BEAUSOLEIL-FINAL.jpg\",\"width\":1080,\"height\":401,\"caption\":\"Maison passive bioclimatique \u00e0 isolation paille\"},\"image\":{\"@id\":\"https:\\\/\\\/www.maisonbeausoleil.fr\\\/#\\\/schema\\\/logo\\\/image\\\/\"},\"sameAs\":[\"https:\\\/\\\/www.facebook.com\\\/maisonenergiepositive\\\/?locale=fr_FR\",\"https:\\\/\\\/x.com\\\/UC0WxY73_wQkCxambOiOLiGQ\",\"https:\\\/\\\/www.gommerel-habitat-passif.com\\\/\",\"https:\\\/\\\/www.youtube.com\\\/channel\\\/UC0WxY73_wQkCxambOiOLiGQ\",\"https:\\\/\\\/www.instagram.com\\\/maison_passive_paille\\\/?hl=fr\",\"https:\\\/\\\/www.facebook.com\\\/maisonenergiepositive\\\/\"]}]}<\/script>\n<!-- \/ Yoast SEO plugin. -->","yoast_head_json":{"title":"Mentions l\u00e9gales - Maison passive bioclimatique ossature bois isolation paille","description":"les mentions l\u00e9gales de Maison beausoleil","robots":{"index":"index","follow":"follow","max-snippet":"max-snippet:-1","max-image-preview":"max-image-preview:large","max-video-preview":"max-video-preview:-1"},"canonical":"https:\/\/www.maisonbeausoleil.fr\/index.php\/mentions-legales\/","og_locale":"fr_FR","og_type":"article","og_title":"Mentions l\u00e9gales - Maison passive bioclimatique ossature bois isolation paille","og_description":"les mentions l\u00e9gales de Maison beausoleil","og_url":"https:\/\/www.maisonbeausoleil.fr\/index.php\/mentions-legales\/","og_site_name":"Maison passive bioclimatique ossature bois isolation paille","article_publisher":"https:\/\/www.facebook.com\/maisonenergiepositive\/?locale=fr_FR","article_modified_time":"2025-12-15T16:35:22+00:00","twitter_card":"summary_large_image","twitter_site":"@UC0WxY73_wQkCxambOiOLiGQ","twitter_misc":{"Dur\u00e9e de lecture estim\u00e9e":"6 minutes"},"schema":{"@context":"https:\/\/schema.org","@graph":[{"@type":"WebPage","@id":"https:\/\/www.maisonbeausoleil.fr\/index.php\/mentions-legales\/","url":"https:\/\/www.maisonbeausoleil.fr\/index.php\/mentions-legales\/","name":"Mentions l\u00e9gales - Maison passive bioclimatique ossature bois isolation paille","isPartOf":{"@id":"https:\/\/www.maisonbeausoleil.fr\/#website"},"datePublished":"2016-07-22T07:50:29+00:00","dateModified":"2025-12-15T16:35:22+00:00","description":"les mentions l\u00e9gales de Maison beausoleil","breadcrumb":{"@id":"https:\/\/www.maisonbeausoleil.fr\/index.php\/mentions-legales\/#breadcrumb"},"inLanguage":"fr-FR","potentialAction":[{"@type":"ReadAction","target":["https:\/\/www.maisonbeausoleil.fr\/index.php\/mentions-legales\/"]}]},{"@type":"BreadcrumbList","@id":"https:\/\/www.maisonbeausoleil.fr\/index.php\/mentions-legales\/#breadcrumb","itemListElement":[{"@type":"ListItem","position":1,"name":"Accueil","item":"https:\/\/www.maisonbeausoleil.fr\/index.php\/construire-en-paille-mayenne-53\/"},{"@type":"ListItem","position":2,"name":"Mentions l\u00e9gales"}]},{"@type":"WebSite","@id":"https:\/\/www.maisonbeausoleil.fr\/#website","url":"https:\/\/www.maisonbeausoleil.fr\/","name":"Maison passive bioclimatique \u00e0 isolation paille","description":"JY Gommerel dessine votre maison passive bioclimatique isolation paille en Mayenne","publisher":{"@id":"https:\/\/www.maisonbeausoleil.fr\/#organization"},"alternateName":"Maison passive bioclimatique \u00e0 isolation paille en Mayenne 53","potentialAction":[{"@type":"SearchAction","target":{"@type":"EntryPoint","urlTemplate":"https:\/\/www.maisonbeausoleil.fr\/?s={search_term_string}"},"query-input":{"@type":"PropertyValueSpecification","valueRequired":true,"valueName":"search_term_string"}}],"inLanguage":"fr-FR"},{"@type":"Organization","@id":"https:\/\/www.maisonbeausoleil.fr\/#organization","name":"Maison passive bioclimatique \u00e0 isolation paille","alternateName":"Maison passive bioclimatique \u00e0 isolation paille en Mayenne 53","url":"https:\/\/www.maisonbeausoleil.fr\/","logo":{"@type":"ImageObject","inLanguage":"fr-FR","@id":"https:\/\/www.maisonbeausoleil.fr\/#\/schema\/logo\/image\/","url":"https:\/\/www.maisonbeausoleil.fr\/wp-content\/uploads\/2021\/12\/LOGO-BEAUSOLEIL-FINAL.jpg","contentUrl":"https:\/\/www.maisonbeausoleil.fr\/wp-content\/uploads\/2021\/12\/LOGO-BEAUSOLEIL-FINAL.jpg","width":1080,"height":401,"caption":"Maison passive bioclimatique \u00e0 isolation paille"},"image":{"@id":"https:\/\/www.maisonbeausoleil.fr\/#\/schema\/logo\/image\/"},"sameAs":["https:\/\/www.facebook.com\/maisonenergiepositive\/?locale=fr_FR","https:\/\/x.com\/UC0WxY73_wQkCxambOiOLiGQ","https:\/\/www.gommerel-habitat-passif.com\/","https:\/\/www.youtube.com\/channel\/UC0WxY73_wQkCxambOiOLiGQ","https:\/\/www.instagram.com\/maison_passive_paille\/?hl=fr","https:\/\/www.facebook.com\/maisonenergiepositive\/"]}]}},"_links":{"self":[{"href":"https:\/\/www.maisonbeausoleil.fr\/index.php\/wp-json\/wp\/v2\/pages\/828","targetHints":{"allow":["GET"]}}],"collection":[{"href":"https:\/\/www.maisonbeausoleil.fr\/index.php\/wp-json\/wp\/v2\/pages"}],"about":[{"href":"https:\/\/www.maisonbeausoleil.fr\/index.php\/wp-json\/wp\/v2\/types\/page"}],"author":[{"embeddable":true,"href":"https:\/\/www.maisonbeausoleil.fr\/index.php\/wp-json\/wp\/v2\/users\/1"}],"replies":[{"embeddable":true,"href":"https:\/\/www.maisonbeausoleil.fr\/index.php\/wp-json\/wp\/v2\/comments?post=828"}],"version-history":[{"count":3,"href":"https:\/\/www.maisonbeausoleil.fr\/index.php\/wp-json\/wp\/v2\/pages\/828\/revisions"}],"predecessor-version":[{"id":1939,"href":"https:\/\/www.maisonbeausoleil.fr\/index.php\/wp-json\/wp\/v2\/pages\/828\/revisions\/1939"}],"wp:attachment":[{"href":"https:\/\/www.maisonbeausoleil.fr\/index.php\/wp-json\/wp\/v2\/media?parent=828"}],"curies":[{"name":"wp","href":"https:\/\/api.w.org\/{rel}","templated":true}]}}