{"id":30,"date":"2016-05-18T12:24:20","date_gmt":"2016-05-18T11:24:20","guid":{"rendered":"http:\/\/www.maisonbeausoleil.fr\/?page_id=30"},"modified":"2025-10-15T16:19:54","modified_gmt":"2025-10-15T15:19:54","slug":"architecte-construction-maison-passive-en-mayenne-53","status":"publish","type":"page","link":"https:\/\/www.maisonbeausoleil.fr\/index.php\/architecte-construction-maison-passive-en-mayenne-53\/","title":{"rendered":"PRESTATIONS"},"content":{"rendered":"<div class=\"flex_column av_one_full  flex_column_div first  avia-builder-el-0  el_before_av_one_half  avia-builder-el-first  \" ><section class=\"av_textblock_section \"  itemscope=\"itemscope\" itemtype=\"https:\/\/schema.org\/CreativeWork\" ><div class='avia_textblock  '   itemprop=\"text\" ><h3 style=\"text-align: left;\"><strong>P R E S T A T I O N S\u00a0 <\/strong><\/h3>\n<h3 style=\"text-align: left;\"><strong>Ma\u00eetrise d&rsquo;oeuvre pour la construction d&rsquo;une maison passive ossature bois \u00e0 isolation paille.<\/strong><\/h3>\n<\/div><\/section><\/div>\n<div class=\"flex_column av_one_half  flex_column_div first  avia-builder-el-2  el_after_av_one_full  el_before_av_one_half  column-top-margin\" ><section class=\"av_textblock_section \"  itemscope=\"itemscope\" itemtype=\"https:\/\/schema.org\/CreativeWork\" ><div class='avia_textblock  av_inherit_color '   itemprop=\"text\" ><h5><\/h5>\n<h4 style=\"text-align: left;\"><em>La CONCEPTION de votre projet d&rsquo;une MaisonBeauSoleil<\/em><\/h4>\n<\/div><\/section><br \/>\n<div  class='avia-gallery  avia-gallery-1 avia_lazyload avia-gallery-animate avia_animate_when_visible  avia-builder-el-4  el_after_av_textblock  avia-builder-el-last '  itemprop=\"image\" itemscope=\"itemscope\" itemtype=\"https:\/\/schema.org\/ImageObject\" ><div class='avia-gallery-thumb'> <a href='https:\/\/www.maisonbeausoleil.fr\/wp-content\/uploads\/2016\/07\/GEMIN-croquis-08-1030x579.png' data-rel='gallery-1' data-prev-img='https:\/\/www.maisonbeausoleil.fr\/wp-content\/uploads\/2016\/07\/GEMIN-croquis-08-495x400.png' class='first_thumb avianolink noLightbox ' data-onclick='1' title=''  itemprop=\"thumbnailUrl\" ><img  src='https:\/\/www.maisonbeausoleil.fr\/wp-content\/uploads\/2016\/07\/GEMIN-croquis-08-710x375.png' width='710' height='375'  title='maisonbeausoleil.fr' alt='' \/><\/a><\/div><\/div><\/p><\/div>\n<div class=\"flex_column av_one_half  flex_column_div   avia-builder-el-5  el_after_av_one_half  el_before_av_section  avia-builder-el-last  column-top-margin\" ><section class=\"av_textblock_section \"  itemscope=\"itemscope\" itemtype=\"https:\/\/schema.org\/CreativeWork\" ><div class='avia_textblock  av_inherit_color '   itemprop=\"text\" ><p><strong>PHASE 1 \u2013 RDV agence \u2013 Notre conseil personnalis\u00e9 &#8211; <em>\u00c9valuer la faisabilit\u00e9 en fonction de vos souhaits, contraintes et financement disponible de votre projet .<\/em><\/strong><\/p>\n<p>Lors de notre rendez-vous\u00a0\u00e0 mon agence, j\u2019effectuerai une analyse sommaire de votre projet (PLU, terrain, budget, programme travaux). Je vous proposerai oralement des solutions architecturales, d\u2019am\u00e9nagements int\u00e9rieurs et vous proposerai un chiffrage des prochaines missions d\u2019\u00e9tudes n\u00e9cessaires \u00e0 votre projet.<br \/>\nC\u2019est l\u2019assurance d\u2019un conseil personnalis\u00e9 pour\u00a0votre futur projet. C\u2019est gratuit et sans engagement,\u00a0uniquement sur rendez vous.<\/p>\n<p><strong>PHASE 2 \u2013\u00a0APS \u2013\u00a0Avant projet simplifi\u00e9 &#8211; <em><span style=\"color: #000000;\">La mise en forme de vos souhaits<\/span><\/em><\/strong><\/p>\n<p>Pr\u00e9sentation et proposition de votre futur\u00a0projet sous forme de plans, coupes, fa\u00e7ades, perspectives, tableau de surfaces.<\/p>\n<p><strong>PHASE 3 \u2013 APD \u2013 Avant projet d\u00e9finitif \u2013 <em><span style=\"color: #000000;\">Votre projet ce finalise<\/span><\/em><\/strong><\/p>\n<p>Je vous pr\u00e9senterai les plans d\u00e9finitifs c\u00f4t\u00e9s avec l\u2019implantation sur le terrain de votre future maison individuelle, des images en 3D, l\u2019estimation de l\u2019enveloppe budg\u00e9taire pr\u00e9visionnelle provisoire\u00a0et le\u00a0calendrier des travaux pressentis.<br \/>\nC\u2019est l\u2019assurance d\u2019une\u00a0information personnalis\u00e9 sur les diff\u00e9rents aspects de votre projet et\u00a0<strong>d\u2019y voir plus clair. <\/strong>Cette phase vous permet \u00e9galement de\u00a0pr\u00e9senter votre projet \u00e0 votre banque pour son financement.<\/p>\n<p><strong>PHASE 4 \u2013 PC \u2013 Dossier de permis de construire \u2013 <em><span style=\"color: #000000;\">L&rsquo;autorisation administrative de construire<\/span><\/em><\/strong><\/p>\n<p>\u00c9tablissement\u00a0de votre dossier\u00a0de permis de construire conforme aux PLU et\/ou POS de votre commune et du r\u00e8glement du lotisseur.\u00a0Pour info, si votre projet est de plus de 150,00 m2 de surfaces habitables, l\u2019assistance d\u2019un architecte\u00a0inscrit \u00e0 l\u2019ordre des architectes est obligatoire.<\/p>\n<p><span style=\"color: #008000;\"><strong>Vous souhaitez des renseignements et un chiffrage de nos prestations : <a href=\"https:\/\/www.maisonbeausoleil.fr\/index.php\/devis-construction-maison-passive-paille-en-mayenne-53\/\" target=\"_blank\" rel=\"noopener\">Contactez-nous<\/a><\/strong><\/span><\/p>\n<\/div><\/section><\/div>\n<\/div><\/div><\/div><!-- close content main div --><\/div><\/div><div id='av_section_1'  class='avia-section main_color avia-section-default avia-no-shadow  avia-bg-style-scroll  avia-builder-el-7  el_after_av_one_half  el_before_av_one_half   container_wrap sidebar_right' style='background-color: #b7b7b7;  '  ><div class='container' ><div class='template-page content  av-content-small alpha units'><div class='post-entry post-entry-type-page post-entry-30'><div class='entry-content-wrapper clearfix'>\n<div class=\"flex_column av_one_half  flex_column_div first  avia-builder-el-8  el_before_av_one_half  avia-builder-el-first  \" ><section class=\"av_textblock_section \"  itemscope=\"itemscope\" itemtype=\"https:\/\/schema.org\/CreativeWork\" ><div class='avia_textblock  av_inherit_color '  style='color:#ffffff; '  itemprop=\"text\" ><h5><\/h5>\n<h4><span style=\"color: #000000;\"><em>CONSULTATION DES ENTREPRISES<\/em><\/span><\/h4>\n<h5><\/h5>\n<h5><\/h5>\n<\/div><\/section><br \/>\n<div  class='avia-gallery  avia-gallery-2 deactivate_avia_lazyload avia-gallery-animate avia_animate_when_visible  avia-builder-el-10  el_after_av_textblock  avia-builder-el-last '  itemprop=\"image\" itemscope=\"itemscope\" itemtype=\"https:\/\/schema.org\/ImageObject\" ><div class='avia-gallery-thumb'> <a href='https:\/\/www.maisonbeausoleil.fr\/wp-content\/uploads\/2016\/07\/FOURNIER_salon-01-1030x579.jpg' data-rel='gallery-2' data-prev-img='https:\/\/www.maisonbeausoleil.fr\/wp-content\/uploads\/2016\/07\/FOURNIER_salon-01-495x400.jpg' class='first_thumb avianolink noLightbox ' data-onclick='1' title=''  itemprop=\"thumbnailUrl\" ><img  src='https:\/\/www.maisonbeausoleil.fr\/wp-content\/uploads\/2016\/07\/FOURNIER_salon-01-710x375.jpg' width='710' height='375'  title='maisonbeausoleil.fr' alt='' \/><\/a><\/div><\/div><\/p><\/div><div class=\"flex_column av_one_half  flex_column_div   avia-builder-el-11  el_after_av_one_half  avia-builder-el-last  \" ><section class=\"av_textblock_section \"  itemscope=\"itemscope\" itemtype=\"https:\/\/schema.org\/CreativeWork\" ><div class='avia_textblock  av_inherit_color '  style='font-size:13px; color:#ffffff; '  itemprop=\"text\" ><p><span style=\"color: #000000;\"><strong>PHASE 5 \u2013 DCE \u2013 Dossier de consultation des entreprises\u00a0 <em>Obtenir le rapport prix\/qualit\u00e9 le meilleur\u00a0<\/em><\/strong><\/span><\/p>\n<p><span style=\"color: #000000;\">\u00c9tablissement\u00a0d\u2019un\u00a0dossier d\u2019appel d\u2019offre pour les entreprises comprenant : la description et quantit\u00e9 des mat\u00e9riaux, des produits, des finitions et des niveaux de performance\u00a0et les plans d\u00e9taill\u00e9s de votre projet. Suite \u00e0 l\u2019analyse des offres entreprises et \u00e0 la n\u00e9gociation sur le prix\/qualit\u00e9 des prestations vous signez les devis.<\/span><\/p>\n<p><span style=\"color: #008000;\"><strong>Vous souhaitez des renseignements et un chiffrage de nos prestations : <a style=\"color: #008000;\" href=\"https:\/\/www.maisonbeausoleil.fr\/index.php\/devis-construction-maison-passive-paille-en-mayenne-53\/\" target=\"_blank\" rel=\"noopener\">Contactez-nous<\/a><\/strong><\/span><\/p>\n<\/div><\/section><\/div><\/div><\/div><\/div><!-- close content main div --><\/div><\/div><div id='after_section_1'  class='main_color av_default_container_wrap container_wrap sidebar_right' style=' '  ><div class='container' ><div class='template-page content  av-content-small alpha units'><div class='post-entry post-entry-type-page post-entry-30'><div class='entry-content-wrapper clearfix'><div class=\"flex_column av_one_half  flex_column_div first  avia-builder-el-13  el_after_av_section  el_before_av_one_half  avia-builder-el-first  \" ><section class=\"av_textblock_section \"  itemscope=\"itemscope\" itemtype=\"https:\/\/schema.org\/CreativeWork\" ><div class='avia_textblock  av_inherit_color '   itemprop=\"text\" ><h5><\/h5>\n<h4 style=\"text-align: left;\"><strong>L&rsquo;ACTE de CONSTRUCTION d&rsquo;une MaisonBeauSoleil<\/strong><\/h4>\n<h5><\/h5>\n<\/div><\/section><br \/>\n<div  class='avia-gallery  avia-gallery-3 deactivate_avia_lazyload avia-gallery-animate avia_animate_when_visible  avia-builder-el-15  el_after_av_textblock  avia-builder-el-last '  itemprop=\"image\" itemscope=\"itemscope\" itemtype=\"https:\/\/schema.org\/ImageObject\" ><div class='avia-gallery-thumb'> <a href='https:\/\/www.maisonbeausoleil.fr\/wp-content\/uploads\/2016\/05\/DSC00731-1030x773.jpg' data-rel='gallery-3' data-prev-img='https:\/\/www.maisonbeausoleil.fr\/wp-content\/uploads\/2016\/05\/DSC00731-495x400.jpg' class='first_thumb avianolink noLightbox ' data-onclick='1' title=''  itemprop=\"thumbnailUrl\" ><img  src='https:\/\/www.maisonbeausoleil.fr\/wp-content\/uploads\/2016\/05\/DSC00731-710x375.jpg' width='710' height='375'  title='DSC00731' alt='' \/><\/a><\/div><\/div><\/p><\/div><\/p>\n<div class=\"flex_column av_one_half  flex_column_div   avia-builder-el-16  el_after_av_one_half  el_before_av_section  avia-builder-el-last  \" ><section class=\"av_textblock_section \"  itemscope=\"itemscope\" itemtype=\"https:\/\/schema.org\/CreativeWork\" ><div class='avia_textblock  av_inherit_color '   itemprop=\"text\" ><p><strong>PHASE 6\u00a0\u2013 EXE\u00a0\u2013 Suivi de chantier\u00a0\u2013 <span style=\"color: #000000;\"><em>La coordination d\u2019une bonne ex\u00e9cution des travaux<\/em><\/span><\/strong><\/p>\n<p>Cette mission comprenant : l\u2019\u00c9tablissement de plans d\u2019ex\u00e9cution dans le\u00a0d\u00e9tail et \u00e0 grande \u00e9chelle. Les r\u00e9unions de chantier avec compte rendu de chantier. Le suivi comptable des factures entreprises.<\/p>\n<p><span style=\"color: #008000;\"><strong>Vous souhaitez des renseignements et un chiffrage de nos prestations : <a style=\"color: #008000;\" href=\"https:\/\/www.maisonbeausoleil.fr\/index.php\/devis-construction-maison-passive-paille-en-mayenne-53\/\" target=\"_blank\" rel=\"noopener\">Contactez-nous<\/a><\/strong><\/span><\/p>\n<\/div><\/section><\/div><\/div><\/div><\/div><!-- close content main div --><\/div><\/div><div id='av_section_2'  class='avia-section main_color avia-section-default avia-no-shadow  avia-bg-style-scroll  avia-builder-el-18  el_after_av_one_half  avia-builder-el-last   container_wrap sidebar_right' style='background-color: #b7b7b7;  '  ><div class='container' ><div class='template-page content  av-content-small alpha units'><div class='post-entry post-entry-type-page post-entry-30'><div class='entry-content-wrapper clearfix'>\n<div class=\"flex_column av_one_half  flex_column_div first  avia-builder-el-19  el_before_av_one_half  avia-builder-el-first  \" ><section class=\"av_textblock_section \"  itemscope=\"itemscope\" itemtype=\"https:\/\/schema.org\/CreativeWork\" ><div class='avia_textblock  av_inherit_color '   itemprop=\"text\" ><h5><\/h5>\n<h4><span style=\"color: #000000;\"><em>R\u00c9CEPTION des TRAVAUX d&rsquo;une MaisonBeauSoleil<\/em><\/span><\/h4>\n<h5><\/h5>\n<h5><\/h5>\n<\/div><\/section><br \/>\n<div  class='avia-gallery  avia-gallery-4 deactivate_avia_lazyload avia-gallery-animate avia_animate_when_visible  avia-builder-el-21  el_after_av_textblock  avia-builder-el-last '  itemprop=\"image\" itemscope=\"itemscope\" itemtype=\"https:\/\/schema.org\/ImageObject\" ><div class='avia-gallery-thumb'> <a href='https:\/\/www.maisonbeausoleil.fr\/wp-content\/uploads\/2016\/07\/Proto2-Plessis-Fournier-Sce\u0300ne-7-Filtre-1030x579.jpg' data-rel='gallery-4' data-prev-img='https:\/\/www.maisonbeausoleil.fr\/wp-content\/uploads\/2016\/07\/Proto2-Plessis-Fournier-Sce\u0300ne-7-Filtre-495x400.jpg' class='first_thumb avianolink noLightbox ' data-onclick='1' title=''  itemprop=\"thumbnailUrl\" ><img  src='https:\/\/www.maisonbeausoleil.fr\/wp-content\/uploads\/2016\/07\/Proto2-Plessis-Fournier-Sce\u0300ne-7-Filtre-710x375.jpg' width='710' height='375'  title='maisonbeausoleil.fr' alt='' \/><\/a><\/div><\/div><\/p><\/div><div class=\"flex_column av_one_half  flex_column_div   avia-builder-el-22  el_after_av_one_half  avia-builder-el-last  \" ><section class=\"av_textblock_section \"  itemscope=\"itemscope\" itemtype=\"https:\/\/schema.org\/CreativeWork\" ><div class='avia_textblock  av_inherit_color '   itemprop=\"text\" ><p><span style=\"color: #000000;\"><strong>PHASE 7\u00a0\u2013 AOR\u00a0\u2013 Assistance aux op\u00e9rations de r\u00e9ception\u00a0\u2013 <em>Le\u00a0d\u00e9but de vos garanties l\u00e9gales<\/em><\/strong><\/span><\/p>\n<p><span style=\"color: #000000;\">La r\u00e9ception de chantier valide la bonne ex\u00e9cution de l\u2019ensemble des\u00a0travaux\u00a0des entreprises. C\u2019est le point de d\u00e9part des garanties l\u00e9gales : d\u00e9cennale, biennale, garantie de parfaite ach\u00e8vement et de bon fonctionnement. Vous pouvez emm\u00e9nager dans votre nouvelle maison\u00a0et pendre la cr\u00e9maill\u00e8re \u2026.\u00a0que du bonheur\u2026<\/span><\/p>\n<p><span style=\"color: #008000;\"><strong>Vous souhaitez des renseignements et un chiffrage de nos prestations : <a style=\"color: #008000;\" href=\"https:\/\/www.maisonbeausoleil.fr\/index.php\/devis-construction-maison-passive-paille-en-mayenne-53\/\" target=\"_blank\" rel=\"noopener\">Contactez-nous<\/a><\/strong><\/span><\/p>\n<\/div><\/section><\/div><\/div><\/div><\/div><!-- close content main div --><\/div><\/div><div id='after_section_2'  class='main_color av_default_container_wrap container_wrap sidebar_right' style=' '  ><div class='container' ><div class='template-page content  av-content-small alpha units'><div class='post-entry post-entry-type-page post-entry-30'><div class='entry-content-wrapper clearfix'><\/p>\n","protected":false},"excerpt":{"rendered":"","protected":false},"author":1,"featured_media":0,"parent":0,"menu_order":0,"comment_status":"closed","ping_status":"closed","template":"","meta":{"footnotes":""},"class_list":["post-30","page","type-page","status-publish","hentry"],"yoast_head":"<!-- This site is optimized with the Yoast SEO plugin v27.5 - https:\/\/yoast.com\/product\/yoast-seo-wordpress\/ -->\n<title>Entreprise construction passive paille en deux \u00e9tapes - Maison passive bioclimatique ossature bois isolation paille<\/title>\n<meta name=\"description\" content=\"Trouver la solution pour la construction d&#039;une maison passive bioclimatique en ossature bois et isolation paille dans les Pays de la Loire.\" \/>\n<meta name=\"robots\" content=\"index, follow, max-snippet:-1, max-image-preview:large, max-video-preview:-1\" \/>\n<link rel=\"canonical\" href=\"https:\/\/www.maisonbeausoleil.fr\/index.php\/architecte-construction-maison-passive-en-mayenne-53\/\" \/>\n<meta property=\"og:locale\" content=\"fr_FR\" \/>\n<meta property=\"og:type\" content=\"article\" \/>\n<meta property=\"og:title\" content=\"Entreprise construction passive paille en deux \u00e9tapes - Maison passive bioclimatique ossature bois isolation paille\" \/>\n<meta property=\"og:description\" content=\"Trouver la solution pour la construction d&#039;une maison passive bioclimatique en ossature bois et isolation paille dans les Pays de la Loire.\" \/>\n<meta property=\"og:url\" content=\"https:\/\/www.maisonbeausoleil.fr\/index.php\/architecte-construction-maison-passive-en-mayenne-53\/\" \/>\n<meta property=\"og:site_name\" content=\"Maison passive bioclimatique ossature bois isolation paille\" \/>\n<meta property=\"article:publisher\" content=\"https:\/\/www.facebook.com\/maisonenergiepositive\/?locale=fr_FR\" \/>\n<meta property=\"article:modified_time\" content=\"2025-10-15T15:19:54+00:00\" \/>\n<meta name=\"twitter:card\" content=\"summary_large_image\" \/>\n<meta name=\"twitter:site\" content=\"@UC0WxY73_wQkCxambOiOLiGQ\" \/>\n<meta name=\"twitter:label1\" content=\"Dur\u00e9e de lecture estim\u00e9e\" \/>\n\t<meta name=\"twitter:data1\" content=\"4 minutes\" \/>\n<script type=\"application\/ld+json\" class=\"yoast-schema-graph\">{\"@context\":\"https:\\\/\\\/schema.org\",\"@graph\":[{\"@type\":\"WebPage\",\"@id\":\"https:\\\/\\\/www.maisonbeausoleil.fr\\\/index.php\\\/architecte-construction-maison-passive-en-mayenne-53\\\/\",\"url\":\"https:\\\/\\\/www.maisonbeausoleil.fr\\\/index.php\\\/architecte-construction-maison-passive-en-mayenne-53\\\/\",\"name\":\"Entreprise construction passive paille en deux \u00e9tapes - Maison passive bioclimatique ossature bois isolation paille\",\"isPartOf\":{\"@id\":\"https:\\\/\\\/www.maisonbeausoleil.fr\\\/#website\"},\"datePublished\":\"2016-05-18T11:24:20+00:00\",\"dateModified\":\"2025-10-15T15:19:54+00:00\",\"description\":\"Trouver la solution pour la construction d'une maison passive bioclimatique en ossature bois et isolation paille dans les Pays de la Loire.\",\"breadcrumb\":{\"@id\":\"https:\\\/\\\/www.maisonbeausoleil.fr\\\/index.php\\\/architecte-construction-maison-passive-en-mayenne-53\\\/#breadcrumb\"},\"inLanguage\":\"fr-FR\",\"potentialAction\":[{\"@type\":\"ReadAction\",\"target\":[\"https:\\\/\\\/www.maisonbeausoleil.fr\\\/index.php\\\/architecte-construction-maison-passive-en-mayenne-53\\\/\"]}]},{\"@type\":\"BreadcrumbList\",\"@id\":\"https:\\\/\\\/www.maisonbeausoleil.fr\\\/index.php\\\/architecte-construction-maison-passive-en-mayenne-53\\\/#breadcrumb\",\"itemListElement\":[{\"@type\":\"ListItem\",\"position\":1,\"name\":\"Accueil\",\"item\":\"https:\\\/\\\/www.maisonbeausoleil.fr\\\/index.php\\\/construire-en-paille-mayenne-53\\\/\"},{\"@type\":\"ListItem\",\"position\":2,\"name\":\"PRESTATIONS\"}]},{\"@type\":\"WebSite\",\"@id\":\"https:\\\/\\\/www.maisonbeausoleil.fr\\\/#website\",\"url\":\"https:\\\/\\\/www.maisonbeausoleil.fr\\\/\",\"name\":\"Maison passive bioclimatique \u00e0 isolation paille\",\"description\":\"JY Gommerel dessine votre maison passive bioclimatique isolation paille en Mayenne\",\"publisher\":{\"@id\":\"https:\\\/\\\/www.maisonbeausoleil.fr\\\/#organization\"},\"alternateName\":\"Maison passive bioclimatique \u00e0 isolation paille en Mayenne 53\",\"potentialAction\":[{\"@type\":\"SearchAction\",\"target\":{\"@type\":\"EntryPoint\",\"urlTemplate\":\"https:\\\/\\\/www.maisonbeausoleil.fr\\\/?s={search_term_string}\"},\"query-input\":{\"@type\":\"PropertyValueSpecification\",\"valueRequired\":true,\"valueName\":\"search_term_string\"}}],\"inLanguage\":\"fr-FR\"},{\"@type\":\"Organization\",\"@id\":\"https:\\\/\\\/www.maisonbeausoleil.fr\\\/#organization\",\"name\":\"Maison passive bioclimatique \u00e0 isolation paille\",\"alternateName\":\"Maison passive bioclimatique \u00e0 isolation paille en Mayenne 53\",\"url\":\"https:\\\/\\\/www.maisonbeausoleil.fr\\\/\",\"logo\":{\"@type\":\"ImageObject\",\"inLanguage\":\"fr-FR\",\"@id\":\"https:\\\/\\\/www.maisonbeausoleil.fr\\\/#\\\/schema\\\/logo\\\/image\\\/\",\"url\":\"https:\\\/\\\/www.maisonbeausoleil.fr\\\/wp-content\\\/uploads\\\/2021\\\/12\\\/LOGO-BEAUSOLEIL-FINAL.jpg\",\"contentUrl\":\"https:\\\/\\\/www.maisonbeausoleil.fr\\\/wp-content\\\/uploads\\\/2021\\\/12\\\/LOGO-BEAUSOLEIL-FINAL.jpg\",\"width\":1080,\"height\":401,\"caption\":\"Maison passive bioclimatique \u00e0 isolation paille\"},\"image\":{\"@id\":\"https:\\\/\\\/www.maisonbeausoleil.fr\\\/#\\\/schema\\\/logo\\\/image\\\/\"},\"sameAs\":[\"https:\\\/\\\/www.facebook.com\\\/maisonenergiepositive\\\/?locale=fr_FR\",\"https:\\\/\\\/x.com\\\/UC0WxY73_wQkCxambOiOLiGQ\",\"https:\\\/\\\/www.gommerel-habitat-passif.com\\\/\",\"https:\\\/\\\/www.youtube.com\\\/channel\\\/UC0WxY73_wQkCxambOiOLiGQ\",\"https:\\\/\\\/www.instagram.com\\\/maison_passive_paille\\\/?hl=fr\",\"https:\\\/\\\/www.facebook.com\\\/maisonenergiepositive\\\/\"]}]}<\/script>\n<!-- \/ Yoast SEO plugin. -->","yoast_head_json":{"title":"Entreprise construction passive paille en deux \u00e9tapes - Maison passive bioclimatique ossature bois isolation paille","description":"Trouver la solution pour la construction d'une maison passive bioclimatique en ossature bois et isolation paille dans les Pays de la Loire.","robots":{"index":"index","follow":"follow","max-snippet":"max-snippet:-1","max-image-preview":"max-image-preview:large","max-video-preview":"max-video-preview:-1"},"canonical":"https:\/\/www.maisonbeausoleil.fr\/index.php\/architecte-construction-maison-passive-en-mayenne-53\/","og_locale":"fr_FR","og_type":"article","og_title":"Entreprise construction passive paille en deux \u00e9tapes - Maison passive bioclimatique ossature bois isolation paille","og_description":"Trouver la solution pour la construction d'une maison passive bioclimatique en ossature bois et isolation paille dans les Pays de la Loire.","og_url":"https:\/\/www.maisonbeausoleil.fr\/index.php\/architecte-construction-maison-passive-en-mayenne-53\/","og_site_name":"Maison passive bioclimatique ossature bois isolation paille","article_publisher":"https:\/\/www.facebook.com\/maisonenergiepositive\/?locale=fr_FR","article_modified_time":"2025-10-15T15:19:54+00:00","twitter_card":"summary_large_image","twitter_site":"@UC0WxY73_wQkCxambOiOLiGQ","twitter_misc":{"Dur\u00e9e de lecture estim\u00e9e":"4 minutes"},"schema":{"@context":"https:\/\/schema.org","@graph":[{"@type":"WebPage","@id":"https:\/\/www.maisonbeausoleil.fr\/index.php\/architecte-construction-maison-passive-en-mayenne-53\/","url":"https:\/\/www.maisonbeausoleil.fr\/index.php\/architecte-construction-maison-passive-en-mayenne-53\/","name":"Entreprise construction passive paille en deux \u00e9tapes - Maison passive bioclimatique ossature bois isolation paille","isPartOf":{"@id":"https:\/\/www.maisonbeausoleil.fr\/#website"},"datePublished":"2016-05-18T11:24:20+00:00","dateModified":"2025-10-15T15:19:54+00:00","description":"Trouver la solution pour la construction d'une maison passive bioclimatique en ossature bois et isolation paille dans les Pays de la Loire.","breadcrumb":{"@id":"https:\/\/www.maisonbeausoleil.fr\/index.php\/architecte-construction-maison-passive-en-mayenne-53\/#breadcrumb"},"inLanguage":"fr-FR","potentialAction":[{"@type":"ReadAction","target":["https:\/\/www.maisonbeausoleil.fr\/index.php\/architecte-construction-maison-passive-en-mayenne-53\/"]}]},{"@type":"BreadcrumbList","@id":"https:\/\/www.maisonbeausoleil.fr\/index.php\/architecte-construction-maison-passive-en-mayenne-53\/#breadcrumb","itemListElement":[{"@type":"ListItem","position":1,"name":"Accueil","item":"https:\/\/www.maisonbeausoleil.fr\/index.php\/construire-en-paille-mayenne-53\/"},{"@type":"ListItem","position":2,"name":"PRESTATIONS"}]},{"@type":"WebSite","@id":"https:\/\/www.maisonbeausoleil.fr\/#website","url":"https:\/\/www.maisonbeausoleil.fr\/","name":"Maison passive bioclimatique \u00e0 isolation paille","description":"JY Gommerel dessine votre maison passive bioclimatique isolation paille en Mayenne","publisher":{"@id":"https:\/\/www.maisonbeausoleil.fr\/#organization"},"alternateName":"Maison passive bioclimatique \u00e0 isolation paille en Mayenne 53","potentialAction":[{"@type":"SearchAction","target":{"@type":"EntryPoint","urlTemplate":"https:\/\/www.maisonbeausoleil.fr\/?s={search_term_string}"},"query-input":{"@type":"PropertyValueSpecification","valueRequired":true,"valueName":"search_term_string"}}],"inLanguage":"fr-FR"},{"@type":"Organization","@id":"https:\/\/www.maisonbeausoleil.fr\/#organization","name":"Maison passive bioclimatique \u00e0 isolation paille","alternateName":"Maison passive bioclimatique \u00e0 isolation paille en Mayenne 53","url":"https:\/\/www.maisonbeausoleil.fr\/","logo":{"@type":"ImageObject","inLanguage":"fr-FR","@id":"https:\/\/www.maisonbeausoleil.fr\/#\/schema\/logo\/image\/","url":"https:\/\/www.maisonbeausoleil.fr\/wp-content\/uploads\/2021\/12\/LOGO-BEAUSOLEIL-FINAL.jpg","contentUrl":"https:\/\/www.maisonbeausoleil.fr\/wp-content\/uploads\/2021\/12\/LOGO-BEAUSOLEIL-FINAL.jpg","width":1080,"height":401,"caption":"Maison passive bioclimatique \u00e0 isolation paille"},"image":{"@id":"https:\/\/www.maisonbeausoleil.fr\/#\/schema\/logo\/image\/"},"sameAs":["https:\/\/www.facebook.com\/maisonenergiepositive\/?locale=fr_FR","https:\/\/x.com\/UC0WxY73_wQkCxambOiOLiGQ","https:\/\/www.gommerel-habitat-passif.com\/","https:\/\/www.youtube.com\/channel\/UC0WxY73_wQkCxambOiOLiGQ","https:\/\/www.instagram.com\/maison_passive_paille\/?hl=fr","https:\/\/www.facebook.com\/maisonenergiepositive\/"]}]}},"_links":{"self":[{"href":"https:\/\/www.maisonbeausoleil.fr\/index.php\/wp-json\/wp\/v2\/pages\/30","targetHints":{"allow":["GET"]}}],"collection":[{"href":"https:\/\/www.maisonbeausoleil.fr\/index.php\/wp-json\/wp\/v2\/pages"}],"about":[{"href":"https:\/\/www.maisonbeausoleil.fr\/index.php\/wp-json\/wp\/v2\/types\/page"}],"author":[{"embeddable":true,"href":"https:\/\/www.maisonbeausoleil.fr\/index.php\/wp-json\/wp\/v2\/users\/1"}],"replies":[{"embeddable":true,"href":"https:\/\/www.maisonbeausoleil.fr\/index.php\/wp-json\/wp\/v2\/comments?post=30"}],"version-history":[{"count":148,"href":"https:\/\/www.maisonbeausoleil.fr\/index.php\/wp-json\/wp\/v2\/pages\/30\/revisions"}],"predecessor-version":[{"id":2393,"href":"https:\/\/www.maisonbeausoleil.fr\/index.php\/wp-json\/wp\/v2\/pages\/30\/revisions\/2393"}],"wp:attachment":[{"href":"https:\/\/www.maisonbeausoleil.fr\/index.php\/wp-json\/wp\/v2\/media?parent=30"}],"curies":[{"name":"wp","href":"https:\/\/api.w.org\/{rel}","templated":true}]}}