{"id":25,"date":"2016-05-18T12:18:16","date_gmt":"2016-05-18T11:18:16","guid":{"rendered":"http:\/\/www.maisonbeausoleil.fr\/?page_id=25"},"modified":"2025-10-15T16:18:30","modified_gmt":"2025-10-15T15:18:30","slug":"construction-maison-passive-ossature-bois-paille-mayenne-53","status":"publish","type":"page","link":"https:\/\/www.maisonbeausoleil.fr\/index.php\/construction-maison-passive-ossature-bois-paille-mayenne-53\/","title":{"rendered":"R\u00e9alisations"},"content":{"rendered":"<div id='av_section_1'  class='avia-section main_color avia-section-default avia-no-border-styling  avia-bg-style-scroll  avia-builder-el-0  el_before_av_textblock  avia-builder-el-first   container_wrap sidebar_right' style='background-color: rgba(0,0,0,0.24);  '  ><div class='container' ><main  role=\"main\" itemprop=\"mainContentOfPage\"  class='template-page content  av-content-small alpha units'><div class='post-entry post-entry-type-page post-entry-25'><div class='entry-content-wrapper clearfix'>\n<div class=\"flex_column av_one_full  flex_column_div av-zero-column-padding first  avia-builder-el-1  el_before_av_hr  avia-builder-el-first  \" style='border-radius:0px; '><section class=\"av_textblock_section \"  itemscope=\"itemscope\" itemtype=\"https:\/\/schema.org\/CreativeWork\" ><div class='avia_textblock  '   itemprop=\"text\" ><h3 style=\"text-align: left;\"><span style=\"color: #000000;\"><strong>2025 &#8211; Projet maison passive isolation paille de plein-pied &#8211; 80 m2 &#8211; 53400 CRAON<\/strong><\/span><\/h3>\n<p><span style=\"color: #000000;\"><strong>Programme :<\/strong> Maison individuelle de plain-pied passive ossature bois a isolation paille. <\/span><span style=\"color: #000000;\">Rez de chauss\u00e9e : sas entr\u00e9e et wc, cuisine ouverte avec \u00eelot sur salon et salle repas, suite adultes avec dressing, salle d&rsquo;eau-lingerie, d\u00e9gagement, une chambre accueil.<\/span><\/p>\n<p><span style=\"color: #000000;\"><strong>Surfaces\u00a0:<\/strong> Habitation 80,00 m2<\/span><\/p>\n<p><span style=\"color: #000000;\"><strong>Ma\u00eetre de l&rsquo;ouvrage :<\/strong> Priv\u00e9 &#8211; investissement locatif<\/span><\/p>\n<p><span style=\"color: #000000;\"><strong>Prestations : <\/strong>Mission ma\u00eetrise d&rsquo;oeuvre : esquisse &#8211; avant projet &#8211; permis de construire &#8211; consultation des entreprises et suivi de chantier.<\/span><\/p>\n<p><span style=\"color: #000000;\"><strong>Mat\u00e9riaux\u00a0:<\/strong> Mur ossature bois isolation isolation paille avec bardage bois et m\u00e9tallique, charpente bois traditionnelle, menuiseries ext\u00e9rieures aluminium, couverture bac acier, cloison s\u00e8che avec isolation chanvre, sols carrel\u00e9s pour pi\u00e8ce de vie et parquet pour zone de nuit, chauffage bois. Performance \u00e9nerg\u00e9tique RE2020.<\/span><\/p>\n<p><span style=\"color: #000000;\"><strong>Vous avez un projet similaire :\u00a0<a style=\"color: #000000;\" href=\"https:\/\/www.maisonbeausoleil.fr\/index.php\/devis-construction-maison-passive-paille-en-mayenne-53\/\" target=\"_blank\" rel=\"noopener\">Contactez-nous<\/a><\/strong><\/span><\/p>\n<\/div><\/section><\/div><div  style='height:10px' class='hr hr-invisible   avia-builder-el-3  el_after_av_one_full  el_before_av_one_full '><span class='hr-inner ' ><span class='hr-inner-style'><\/span><\/span><\/div>\n<div class=\"flex_column av_one_full  flex_column_div first  avia-builder-el-4  el_after_av_hr  avia-builder-el-last  \" ><div id='av-masonry-1' class='av-masonry  noHover av-fixed-size av-1px-gap av-hover-overlay- av-masonry-animation-active av-masonry-col-6 av-caption-always av-caption-style- av-masonry-gallery      av-medium-columns-overwrite av-medium-columns-4 av-mini-columns-overwrite av-mini-columns-4'  ><div class='av-masonry-container isotope av-js-disabled ' ><div class='av-masonry-entry isotope-item av-masonry-item-no-image '><\/div><a href=\"https:\/\/www.maisonbeausoleil.fr\/wp-content\/uploads\/2022\/02\/Maison-Beausoleil-Iso-paille-53400-CRAONPLAN-MASSE-1030x810.png\" id='av-masonry-1-item-1905' data-av-masonry-item='1905' class='av-masonry-entry isotope-item post-1905 attachment type-attachment status-inherit hentry  av-masonry-item-with-image' title=\"Maison Beausoleil Iso-paille-53400-CRAONPLAN MASSE\"  itemprop=\"thumbnailUrl\" ><div class='av-inner-masonry-sizer'><\/div><figure class='av-inner-masonry main_color'><div class=\"av-masonry-outerimage-container\"><div class=\"av-masonry-image-container\" style=\"background-image: url(https:\/\/www.maisonbeausoleil.fr\/wp-content\/uploads\/2022\/02\/Maison-Beausoleil-Iso-paille-53400-CRAONPLAN-MASSE-705x554.png);\" title=\"Maison Beausoleil Iso-paille-53400-CRAONPLAN MASSE\" ><\/div><\/div><\/figure><\/a><!--end av-masonry entry--><a href=\"https:\/\/www.maisonbeausoleil.fr\/wp-content\/uploads\/2022\/02\/Maison-Beausoleil-Iso-paille-53400-CRAON-EXT-4-1030x579.jpg\" id='av-masonry-1-item-1901' data-av-masonry-item='1901' class='av-masonry-entry isotope-item post-1901 attachment type-attachment status-inherit hentry  av-masonry-item-with-image' title=\"Maison Beausoleil Iso-paille-53400-CRAON-EXT 4\"  itemprop=\"thumbnailUrl\" ><div class='av-inner-masonry-sizer'><\/div><figure class='av-inner-masonry main_color'><div class=\"av-masonry-outerimage-container\"><div class=\"av-masonry-image-container\" style=\"background-image: url(https:\/\/www.maisonbeausoleil.fr\/wp-content\/uploads\/2022\/02\/Maison-Beausoleil-Iso-paille-53400-CRAON-EXT-4-705x397.jpg);\" title=\"Maison Beausoleil Iso-paille-53400-CRAON-EXT 4\" ><\/div><\/div><\/figure><\/a><!--end av-masonry entry--><a href=\"https:\/\/www.maisonbeausoleil.fr\/wp-content\/uploads\/2022\/02\/Maison-Beausoleil-Iso-paille-53400-CRAON-PLAN-INTERIEUR-1030x579.jpg\" id='av-masonry-1-item-1908' data-av-masonry-item='1908' class='av-masonry-entry isotope-item post-1908 attachment type-attachment status-inherit hentry  av-masonry-item-with-image' title=\"Maison Beausoleil Iso-paille-53400-CRAON-PLAN INTERIEUR\"  itemprop=\"thumbnailUrl\" ><div class='av-inner-masonry-sizer'><\/div><figure class='av-inner-masonry main_color'><div class=\"av-masonry-outerimage-container\"><div class=\"av-masonry-image-container\" style=\"background-image: url(https:\/\/www.maisonbeausoleil.fr\/wp-content\/uploads\/2022\/02\/Maison-Beausoleil-Iso-paille-53400-CRAON-PLAN-INTERIEUR-705x397.jpg);\" title=\"Maison Beausoleil Iso-paille-53400-CRAON-PLAN INTERIEUR\" ><\/div><\/div><\/figure><\/a><!--end av-masonry entry--><a href=\"https:\/\/www.maisonbeausoleil.fr\/wp-content\/uploads\/2022\/02\/Maison-Beausoleil-Iso-paille-53400-CRAON-INT-2-1030x579.jpg\" id='av-masonry-1-item-1902' data-av-masonry-item='1902' class='av-masonry-entry isotope-item post-1902 attachment type-attachment status-inherit hentry  av-masonry-item-with-image' title=\"Maison Beausoleil Iso-paille-53400-CRAON-INT 2\"  itemprop=\"thumbnailUrl\" ><div class='av-inner-masonry-sizer'><\/div><figure class='av-inner-masonry main_color'><div class=\"av-masonry-outerimage-container\"><div class=\"av-masonry-image-container\" style=\"background-image: url(https:\/\/www.maisonbeausoleil.fr\/wp-content\/uploads\/2022\/02\/Maison-Beausoleil-Iso-paille-53400-CRAON-INT-2-705x397.jpg);\" title=\"Maison Beausoleil Iso-paille-53400-CRAON-INT 2\" ><\/div><\/div><\/figure><\/a><!--end av-masonry entry--><a href=\"https:\/\/www.maisonbeausoleil.fr\/wp-content\/uploads\/2022\/02\/Maison-Beausoleil-Iso-paille-53400-CRAON-EXT-1-1030x579.jpg\" id='av-masonry-1-item-1899' data-av-masonry-item='1899' class='av-masonry-entry isotope-item post-1899 attachment type-attachment status-inherit hentry  av-masonry-item-with-image' title=\"Maison Beausoleil Iso-paille-53400-CRAON-Gommerel\"  itemprop=\"thumbnailUrl\" ><div class='av-inner-masonry-sizer'><\/div><figure class='av-inner-masonry main_color'><div class=\"av-masonry-outerimage-container\"><div class=\"av-masonry-image-container\" style=\"background-image: url(https:\/\/www.maisonbeausoleil.fr\/wp-content\/uploads\/2022\/02\/Maison-Beausoleil-Iso-paille-53400-CRAON-EXT-1-705x397.jpg);\" title=\"Maison Beausoleil Iso-paille-53400-CRAON-Gommerel\" ><\/div><\/div><\/figure><\/a><!--end av-masonry entry--><a href=\"https:\/\/www.maisonbeausoleil.fr\/wp-content\/uploads\/2022\/02\/Maison-Beausoleil-Iso-paille-53400-CRAON-INT-3-1030x579.jpg\" id='av-masonry-1-item-1903' data-av-masonry-item='1903' class='av-masonry-entry isotope-item post-1903 attachment type-attachment status-inherit hentry  av-masonry-item-with-image' title=\"Maison Beausoleil Iso-paille-53400-CRAON-INT 3\"  itemprop=\"thumbnailUrl\" ><div class='av-inner-masonry-sizer'><\/div><figure class='av-inner-masonry main_color'><div class=\"av-masonry-outerimage-container\"><div class=\"av-masonry-image-container\" style=\"background-image: url(https:\/\/www.maisonbeausoleil.fr\/wp-content\/uploads\/2022\/02\/Maison-Beausoleil-Iso-paille-53400-CRAON-INT-3-705x397.jpg);\" title=\"Maison Beausoleil Iso-paille-53400-CRAON-INT 3\" ><\/div><\/div><\/figure><\/a><!--end av-masonry entry--><a href=\"https:\/\/www.maisonbeausoleil.fr\/wp-content\/uploads\/2022\/02\/Maison-Beausoleil-Iso-paille-53400-CRAON-EXT-2-1030x579.jpg\" id='av-masonry-1-item-1900' data-av-masonry-item='1900' class='av-masonry-entry isotope-item post-1900 attachment type-attachment status-inherit hentry  av-masonry-item-with-image' title=\"Maison Beausoleil Iso-paille-53400-CRAON-EXT 2\"  itemprop=\"thumbnailUrl\" ><div class='av-inner-masonry-sizer'><\/div><figure class='av-inner-masonry main_color'><div class=\"av-masonry-outerimage-container\"><div class=\"av-masonry-image-container\" style=\"background-image: url(https:\/\/www.maisonbeausoleil.fr\/wp-content\/uploads\/2022\/02\/Maison-Beausoleil-Iso-paille-53400-CRAON-EXT-2-705x397.jpg);\" title=\"Maison Beausoleil Iso-paille-53400-CRAON-EXT 2\" ><\/div><\/div><\/figure><\/a><!--end av-masonry entry--><a href=\"https:\/\/www.maisonbeausoleil.fr\/wp-content\/uploads\/2022\/02\/Maison-Beausoleil-Iso-paille-53400-CRAON-INT-4-1030x579.jpg\" id='av-masonry-1-item-1904' data-av-masonry-item='1904' class='av-masonry-entry isotope-item post-1904 attachment type-attachment status-inherit hentry  av-masonry-item-with-image' title=\"Maison Beausoleil Iso-paille-53400-CRAON-INT 4\"  itemprop=\"thumbnailUrl\" ><div class='av-inner-masonry-sizer'><\/div><figure class='av-inner-masonry main_color'><div class=\"av-masonry-outerimage-container\"><div class=\"av-masonry-image-container\" style=\"background-image: url(https:\/\/www.maisonbeausoleil.fr\/wp-content\/uploads\/2022\/02\/Maison-Beausoleil-Iso-paille-53400-CRAON-INT-4-705x397.jpg);\" title=\"Maison Beausoleil Iso-paille-53400-CRAON-INT 4\" ><\/div><\/div><\/figure><\/a><!--end av-masonry entry--><a href=\"https:\/\/www.maisonbeausoleil.fr\/wp-content\/uploads\/2022\/02\/Maison-Beausoleil-Iso-paille-53400-CRAON-ELEVATION-SUD-1030x426.jpg\" id='av-masonry-1-item-1898' data-av-masonry-item='1898' class='av-masonry-entry isotope-item post-1898 attachment type-attachment status-inherit hentry  av-masonry-item-with-image' title=\"Maison Beausoleil Iso-paille-53400-CRAON-ELEVATION SUD\"  itemprop=\"thumbnailUrl\" ><div class='av-inner-masonry-sizer'><\/div><figure class='av-inner-masonry main_color'><div class=\"av-masonry-outerimage-container\"><div class=\"av-masonry-image-container\" style=\"background-image: url(https:\/\/www.maisonbeausoleil.fr\/wp-content\/uploads\/2022\/02\/Maison-Beausoleil-Iso-paille-53400-CRAON-ELEVATION-SUD-705x291.jpg);\" title=\"Maison Beausoleil Iso-paille-53400-CRAON-ELEVATION SUD\" ><\/div><\/div><\/figure><\/a><!--end av-masonry entry--><a href=\"https:\/\/www.maisonbeausoleil.fr\/wp-content\/uploads\/2022\/02\/Maison-Beausoleil-Iso-paille-53400-CRAON-ELEVATION-OUEST-1030x426.jpg\" id='av-masonry-1-item-1897' data-av-masonry-item='1897' class='av-masonry-entry isotope-item post-1897 attachment type-attachment status-inherit hentry  av-masonry-item-with-image' title=\"Maison Beausoleil Iso-paille-53400-CRAON-ELEVATION OUEST\"  itemprop=\"thumbnailUrl\" ><div class='av-inner-masonry-sizer'><\/div><figure class='av-inner-masonry main_color'><div class=\"av-masonry-outerimage-container\"><div class=\"av-masonry-image-container\" style=\"background-image: url(https:\/\/www.maisonbeausoleil.fr\/wp-content\/uploads\/2022\/02\/Maison-Beausoleil-Iso-paille-53400-CRAON-ELEVATION-OUEST-705x291.jpg);\" title=\"Maison Beausoleil Iso-paille-53400-CRAON-ELEVATION OUEST\" ><\/div><\/div><\/figure><\/a><!--end av-masonry entry--><a href=\"https:\/\/www.maisonbeausoleil.fr\/wp-content\/uploads\/2022\/02\/Maison-Beausoleil-Iso-paille-53400-CRAON-ELEVATION-NORD-1030x426.jpg\" id='av-masonry-1-item-1896' data-av-masonry-item='1896' class='av-masonry-entry isotope-item post-1896 attachment type-attachment status-inherit hentry  av-masonry-item-with-image' title=\"Maison Beausoleil Iso-paille-53400-CRAON-ELEVATION NORD\"  itemprop=\"thumbnailUrl\" ><div class='av-inner-masonry-sizer'><\/div><figure class='av-inner-masonry main_color'><div class=\"av-masonry-outerimage-container\"><div class=\"av-masonry-image-container\" style=\"background-image: url(https:\/\/www.maisonbeausoleil.fr\/wp-content\/uploads\/2022\/02\/Maison-Beausoleil-Iso-paille-53400-CRAON-ELEVATION-NORD-705x291.jpg);\" title=\"Maison Beausoleil Iso-paille-53400-CRAON-ELEVATION NORD\" ><\/div><\/div><\/figure><\/a><!--end av-masonry entry--><a href=\"https:\/\/www.maisonbeausoleil.fr\/wp-content\/uploads\/2022\/02\/Maison-Beausoleil-Iso-paille-53400-CRAON-ELEVATION-EST-1030x426.jpg\" id='av-masonry-1-item-1895' data-av-masonry-item='1895' class='av-masonry-entry isotope-item post-1895 attachment type-attachment status-inherit hentry  av-masonry-item-with-image' title=\"Maison Beausoleil Iso-paille-53400-CRAON-ELEVATION EST\"  itemprop=\"thumbnailUrl\" ><div class='av-inner-masonry-sizer'><\/div><figure class='av-inner-masonry main_color'><div class=\"av-masonry-outerimage-container\"><div class=\"av-masonry-image-container\" style=\"background-image: url(https:\/\/www.maisonbeausoleil.fr\/wp-content\/uploads\/2022\/02\/Maison-Beausoleil-Iso-paille-53400-CRAON-ELEVATION-EST-705x291.jpg);\" title=\"Maison Beausoleil Iso-paille-53400-CRAON-ELEVATION EST\" ><\/div><\/div><\/figure><\/a><!--end av-masonry entry--><\/div><div class='av-masonry-pagination av-masonry-pagination-pagination'><nav class='pagination'><span class='pagination-meta'>Page 1 sur 0<\/span><\/nav>\n<\/div><\/div><\/div><\/div><\/div><\/main><!-- close content main element --><\/div><\/div><div id='after_section_1'  class='main_color av_default_container_wrap container_wrap sidebar_right' style=' '  ><div class='container' ><div class='template-page content  av-content-small alpha units'><div class='post-entry post-entry-type-page post-entry-25'><div class='entry-content-wrapper clearfix'><section class=\"av_textblock_section \"  itemscope=\"itemscope\" itemtype=\"https:\/\/schema.org\/CreativeWork\" ><div class='avia_textblock  '   itemprop=\"text\" ><h3 style=\"text-align: left;\"><strong>2023 &#8211; R\u00e9alisation maison passive isolation paille de plein-pied &#8211; 130 m2 &#8211; 53400 NIAFLES<\/strong><\/h3>\n<p><span style=\"color: #000000;\"><strong>Programme : <\/strong>Transformation d&rsquo;un hangar agricole en maison individuelle de plain-pied avec au rez de chauss\u00e9e : une entr\u00e9e, cuisine ouverte avec \u00eelot sur salon et salle repas, suite adultes avec dressing, salle d&rsquo;eau, lingerie, rangements, trois chambres enfants, d\u00e9gagement, atelier et garage un v\u00e9hicule.<\/span><\/p>\n<p><span style=\"color: #000000;\"><strong>Surfaces\u00a0: <\/strong>Habitation 130,00 m2<\/span><\/p>\n<p><span style=\"color: #000000;\"><strong>Ma\u00eetre de l&rsquo;ouvrage<\/strong><strong> : <\/strong>Priv\u00e9 &#8211; r\u00e9sidence principale<\/span><\/p>\n<p><span style=\"color: #000000;\"><strong>Prestations :\u00a0<\/strong>Mission ma\u00eetrise d&rsquo;oeuvre : esquisse &#8211; avant projet &#8211; permis de construire &#8211; consultation des entreprises et suivi de chantier.<\/span><\/p>\n<p><span style=\"color: #000000;\"><strong>Mat\u00e9riaux\u00a0:<\/strong> Mur ossature bois isolation paille avec bardage bois et m\u00e9tallique pose dans charpente hangar existante, menuiseries ext\u00e9rieures aluminium, couverture bac acier, cloison s\u00e8che avec isolation fibre de bois, sols carrel\u00e9s pour pi\u00e8ce de vie et parquet pour zone de nuit, chauffage bois \u00e0 granul\u00e9. Performance \u00e9nerg\u00e9tique RT2012.<\/span><\/p>\n<p><span style=\"color: #000000;\"><strong>Vous avez un projet similaire : <a style=\"color: #000000;\" href=\"https:\/\/www.maisonbeausoleil.fr\/index.php\/devis-construction-maison-passive-paille-en-mayenne-53\/\" target=\"_blank\" rel=\"noopener\">Contactez-nous<\/a><\/strong><\/span><\/p>\n<\/div><\/section><\/p>\n<div  style='height:10px' class='hr hr-invisible   avia-builder-el-7  el_after_av_textblock  el_before_av_one_full '><span class='hr-inner ' ><span class='hr-inner-style'><\/span><\/span><\/div>\n<div class=\"flex_column av_one_full  flex_column_div av-zero-column-padding first  avia-builder-el-8  el_after_av_hr  el_before_av_section  avia-builder-el-last  \" style='border-radius:0px; '><div id='av-masonry-2' class='av-masonry  noHover av-fixed-size av-no-gap av-hover-overlay- av-masonry-animation-active av-masonry-col-6 av-caption-always av-caption-style- av-masonry-gallery      av-medium-columns-overwrite av-medium-columns-4'  ><div class='av-masonry-container isotope av-js-disabled ' ><div class='av-masonry-entry isotope-item av-masonry-item-no-image '><\/div><a href=\"https:\/\/www.maisonbeausoleil.fr\/wp-content\/uploads\/2021\/12\/maisonbeausoleil-ATHEE-53400-Etat-existant-1-1030x579.jpg\" id='av-masonry-2-item-1831' data-av-masonry-item='1831' class='av-masonry-entry isotope-item post-1831 attachment type-attachment status-inherit hentry  av-masonry-item-with-image' title=\"maisonbeausoleil-ATH\u00c9E-53400-\u00c9tat existant-1\"  itemprop=\"thumbnailUrl\" ><div class='av-inner-masonry-sizer'><\/div><figure class='av-inner-masonry main_color'><div class=\"av-masonry-outerimage-container\"><div class=\"av-masonry-image-container\" style=\"background-image: url(https:\/\/www.maisonbeausoleil.fr\/wp-content\/uploads\/2021\/12\/maisonbeausoleil-ATHEE-53400-Etat-existant-1-705x397.jpg);\" title=\"maisonbeausoleil-ATH\u00c9E-53400-\u00c9tat existant-1\" ><\/div><\/div><\/figure><\/a><!--end av-masonry entry--><a href=\"https:\/\/www.maisonbeausoleil.fr\/wp-content\/uploads\/2023\/04\/JY-Gommerel-maison-isolation-paille-Niafles-53400-PERS3-1030x579.jpg\" id='av-masonry-2-item-1985' data-av-masonry-item='1985' class='av-masonry-entry isotope-item post-1985 attachment type-attachment status-inherit hentry  av-masonry-item-with-image' title=\"JY Gommerel-maison isolation paille-Niafles-53400-PERS3\"  itemprop=\"thumbnailUrl\" ><div class='av-inner-masonry-sizer'><\/div><figure class='av-inner-masonry main_color'><div class=\"av-masonry-outerimage-container\"><div class=\"av-masonry-image-container\" style=\"background-image: url(https:\/\/www.maisonbeausoleil.fr\/wp-content\/uploads\/2023\/04\/JY-Gommerel-maison-isolation-paille-Niafles-53400-PERS3-705x397.jpg);\" title=\"JY Gommerel-maison isolation paille-Niafles-53400-PERS3\" ><\/div><\/div><\/figure><\/a><!--end av-masonry entry--><a href=\"https:\/\/www.maisonbeausoleil.fr\/wp-content\/uploads\/2023\/04\/JY-Gommerel-maison-isolation-paille-Niafles-53400-PERS1-1030x579.jpg\" id='av-masonry-2-item-1983' data-av-masonry-item='1983' class='av-masonry-entry isotope-item post-1983 attachment type-attachment status-inherit hentry  av-masonry-item-with-image' title=\"JY Gommerel-maison isolation paille-Niafles-53400-PERS1\"  itemprop=\"thumbnailUrl\" ><div class='av-inner-masonry-sizer'><\/div><figure class='av-inner-masonry main_color'><div class=\"av-masonry-outerimage-container\"><div class=\"av-masonry-image-container\" style=\"background-image: url(https:\/\/www.maisonbeausoleil.fr\/wp-content\/uploads\/2023\/04\/JY-Gommerel-maison-isolation-paille-Niafles-53400-PERS1-705x397.jpg);\" title=\"JY Gommerel-maison isolation paille-Niafles-53400-PERS1\" ><\/div><\/div><\/figure><\/a><!--end av-masonry entry--><a href=\"https:\/\/www.maisonbeausoleil.fr\/wp-content\/uploads\/2023\/04\/JY-Gommerel-maison-isolation-paille-Niafles-53400-PERS2-1030x579.jpg\" id='av-masonry-2-item-1984' data-av-masonry-item='1984' class='av-masonry-entry isotope-item post-1984 attachment type-attachment status-inherit hentry  av-masonry-item-with-image' title=\"JY Gommerel-maison isolation paille-Niafles-53400-PERS2\"  itemprop=\"thumbnailUrl\" ><div class='av-inner-masonry-sizer'><\/div><figure class='av-inner-masonry main_color'><div class=\"av-masonry-outerimage-container\"><div class=\"av-masonry-image-container\" style=\"background-image: url(https:\/\/www.maisonbeausoleil.fr\/wp-content\/uploads\/2023\/04\/JY-Gommerel-maison-isolation-paille-Niafles-53400-PERS2-705x397.jpg);\" title=\"JY Gommerel-maison isolation paille-Niafles-53400-PERS2\" ><\/div><\/div><\/figure><\/a><!--end av-masonry entry--><a href=\"https:\/\/www.maisonbeausoleil.fr\/wp-content\/uploads\/2023\/04\/JY-Gommerel-maison-isolation-paille-Niafles-53400-PERS4-1030x579.jpg\" id='av-masonry-2-item-1986' data-av-masonry-item='1986' class='av-masonry-entry isotope-item post-1986 attachment type-attachment status-inherit hentry  av-masonry-item-with-image' title=\"JY Gommerel-maison isolation paille-Niafles-53400-PERS4\"  itemprop=\"thumbnailUrl\" ><div class='av-inner-masonry-sizer'><\/div><figure class='av-inner-masonry main_color'><div class=\"av-masonry-outerimage-container\"><div class=\"av-masonry-image-container\" style=\"background-image: url(https:\/\/www.maisonbeausoleil.fr\/wp-content\/uploads\/2023\/04\/JY-Gommerel-maison-isolation-paille-Niafles-53400-PERS4-705x397.jpg);\" title=\"JY Gommerel-maison isolation paille-Niafles-53400-PERS4\" ><\/div><\/div><\/figure><\/a><!--end av-masonry entry--><a href=\"https:\/\/www.maisonbeausoleil.fr\/wp-content\/uploads\/2022\/04\/JY-Gommerl-maison-paille-Niafles-53400-Plan-1030x728.jpg\" id='av-masonry-2-item-1929' data-av-masonry-item='1929' class='av-masonry-entry isotope-item post-1929 attachment type-attachment status-inherit hentry  av-masonry-item-with-image' title=\"JY Gommerl-maison paille-Niafles-53400-Plan\"  itemprop=\"thumbnailUrl\" ><div class='av-inner-masonry-sizer'><\/div><figure class='av-inner-masonry main_color'><div class=\"av-masonry-outerimage-container\"><div class=\"av-masonry-image-container\" style=\"background-image: url(https:\/\/www.maisonbeausoleil.fr\/wp-content\/uploads\/2022\/04\/JY-Gommerl-maison-paille-Niafles-53400-Plan-705x499.jpg);\" title=\"JY Gommerl-maison paille-Niafles-53400-Plan\" ><\/div><\/div><\/figure><\/a><!--end av-masonry entry--><a href=\"https:\/\/www.maisonbeausoleil.fr\/wp-content\/uploads\/2023\/04\/IMG_9948-1030x773.jpg\" id='av-masonry-2-item-1987' data-av-masonry-item='1987' class='av-masonry-entry isotope-item post-1987 attachment type-attachment status-inherit hentry  av-masonry-item-with-image' title=\"IMG_9948\"  itemprop=\"thumbnailUrl\" ><div class='av-inner-masonry-sizer'><\/div><figure class='av-inner-masonry main_color'><div class=\"av-masonry-outerimage-container\"><div class=\"av-masonry-image-container\" style=\"background-image: url(https:\/\/www.maisonbeausoleil.fr\/wp-content\/uploads\/2023\/04\/IMG_9948-705x529.jpg);\" title=\"IMG_9948\" ><\/div><\/div><\/figure><\/a><!--end av-masonry entry--><a href=\"https:\/\/www.maisonbeausoleil.fr\/wp-content\/uploads\/2023\/05\/JY-Gommerel-maison-isolation-paille-Niafles-53400-facade-est-8-1030x773.jpg\" id='av-masonry-2-item-2013' data-av-masonry-item='2013' class='av-masonry-entry isotope-item post-2013 attachment type-attachment status-inherit hentry  av-masonry-item-with-image' title=\"JY Gommerel-maison isolation paille-Niafles-53400-fac\u0327ade est-8\"  itemprop=\"thumbnailUrl\" ><div class='av-inner-masonry-sizer'><\/div><figure class='av-inner-masonry main_color'><div class=\"av-masonry-outerimage-container\"><div class=\"av-masonry-image-container\" style=\"background-image: url(https:\/\/www.maisonbeausoleil.fr\/wp-content\/uploads\/2023\/05\/JY-Gommerel-maison-isolation-paille-Niafles-53400-facade-est-8-705x529.jpg);\" title=\"JY Gommerel-maison isolation paille-Niafles-53400-fac\u0327ade est-8\" ><\/div><\/div><\/figure><\/a><!--end av-masonry entry--><a href=\"https:\/\/www.maisonbeausoleil.fr\/wp-content\/uploads\/2023\/05\/JY-Gommerel-maison-isolation-paille-Niafles-53400-facade-est-3-1030x773.jpg\" id='av-masonry-2-item-2009' data-av-masonry-item='2009' class='av-masonry-entry isotope-item post-2009 attachment type-attachment status-inherit hentry  av-masonry-item-with-image' title=\"JY Gommerel-maison isolation paille-Niafles-53400-fac\u0327ade est-3\"  itemprop=\"thumbnailUrl\" ><div class='av-inner-masonry-sizer'><\/div><figure class='av-inner-masonry main_color'><div class=\"av-masonry-outerimage-container\"><div class=\"av-masonry-image-container\" style=\"background-image: url(https:\/\/www.maisonbeausoleil.fr\/wp-content\/uploads\/2023\/05\/JY-Gommerel-maison-isolation-paille-Niafles-53400-facade-est-3-705x529.jpg);\" title=\"JY Gommerel-maison isolation paille-Niafles-53400-fac\u0327ade est-3\" ><\/div><\/div><\/figure><\/a><!--end av-masonry entry--><a href=\"https:\/\/www.maisonbeausoleil.fr\/wp-content\/uploads\/2023\/05\/JY-Gommerel-maison-isolation-paille-Niafles-53400-facade-est-4-1030x773.jpg\" id='av-masonry-2-item-2010' data-av-masonry-item='2010' class='av-masonry-entry isotope-item post-2010 attachment type-attachment status-inherit hentry  av-masonry-item-with-image' title=\"JY Gommerel-maison isolation paille-Niafles-53400-fac\u0327ade est-4\"  itemprop=\"thumbnailUrl\" ><div class='av-inner-masonry-sizer'><\/div><figure class='av-inner-masonry main_color'><div class=\"av-masonry-outerimage-container\"><div class=\"av-masonry-image-container\" style=\"background-image: url(https:\/\/www.maisonbeausoleil.fr\/wp-content\/uploads\/2023\/05\/JY-Gommerel-maison-isolation-paille-Niafles-53400-facade-est-4-705x529.jpg);\" title=\"JY Gommerel-maison isolation paille-Niafles-53400-fac\u0327ade est-4\" ><\/div><\/div><\/figure><\/a><!--end av-masonry entry--><a href=\"https:\/\/www.maisonbeausoleil.fr\/wp-content\/uploads\/2023\/05\/JY-Gommerel-maison-isolation-paille-Niafles-53400-facade-est-7-1030x773.jpg\" id='av-masonry-2-item-2012' data-av-masonry-item='2012' class='av-masonry-entry isotope-item post-2012 attachment type-attachment status-inherit hentry  av-masonry-item-with-image' title=\"JY Gommerel-maison isolation paille-Niafles-53400-fac\u0327ade est-7\"  itemprop=\"thumbnailUrl\" ><div class='av-inner-masonry-sizer'><\/div><figure class='av-inner-masonry main_color'><div class=\"av-masonry-outerimage-container\"><div class=\"av-masonry-image-container\" style=\"background-image: url(https:\/\/www.maisonbeausoleil.fr\/wp-content\/uploads\/2023\/05\/JY-Gommerel-maison-isolation-paille-Niafles-53400-facade-est-7-705x529.jpg);\" title=\"JY Gommerel-maison isolation paille-Niafles-53400-fac\u0327ade est-7\" ><\/div><\/div><\/figure><\/a><!--end av-masonry entry--><a href=\"https:\/\/www.maisonbeausoleil.fr\/wp-content\/uploads\/2023\/04\/IMG_9951-1030x773.jpg\" id='av-masonry-2-item-1988' data-av-masonry-item='1988' class='av-masonry-entry isotope-item post-1988 attachment type-attachment status-inherit hentry  av-masonry-item-with-image' title=\"IMG_9951\"  itemprop=\"thumbnailUrl\" ><div class='av-inner-masonry-sizer'><\/div><figure class='av-inner-masonry main_color'><div class=\"av-masonry-outerimage-container\"><div class=\"av-masonry-image-container\" style=\"background-image: url(https:\/\/www.maisonbeausoleil.fr\/wp-content\/uploads\/2023\/04\/IMG_9951-705x529.jpg);\" title=\"IMG_9951\" ><\/div><\/div><\/figure><\/a><!--end av-masonry entry--><a href=\"https:\/\/www.maisonbeausoleil.fr\/wp-content\/uploads\/2023\/04\/IMG_9960-1030x773.jpg\" id='av-masonry-2-item-1991' data-av-masonry-item='1991' class='av-masonry-entry isotope-item post-1991 attachment type-attachment status-inherit hentry  av-masonry-item-with-image' title=\"IMG_9960\"  itemprop=\"thumbnailUrl\" ><div class='av-inner-masonry-sizer'><\/div><figure class='av-inner-masonry main_color'><div class=\"av-masonry-outerimage-container\"><div class=\"av-masonry-image-container\" style=\"background-image: url(https:\/\/www.maisonbeausoleil.fr\/wp-content\/uploads\/2023\/04\/IMG_9960-705x529.jpg);\" title=\"IMG_9960\" ><\/div><\/div><\/figure><\/a><!--end av-masonry entry--><a href=\"https:\/\/www.maisonbeausoleil.fr\/wp-content\/uploads\/2023\/04\/IMG_9963-1030x773.jpg\" id='av-masonry-2-item-1993' data-av-masonry-item='1993' class='av-masonry-entry isotope-item post-1993 attachment type-attachment status-inherit hentry  av-masonry-item-with-image' title=\"https:\/\/www.maisonbeausoleil.fr\"  itemprop=\"thumbnailUrl\" ><div class='av-inner-masonry-sizer'><\/div><figure class='av-inner-masonry main_color'><div class=\"av-masonry-outerimage-container\"><div class=\"av-masonry-image-container\" style=\"background-image: url(https:\/\/www.maisonbeausoleil.fr\/wp-content\/uploads\/2023\/04\/IMG_9963-705x529.jpg);\" title=\"https:\/\/www.maisonbeausoleil.fr\" ><\/div><\/div><\/figure><\/a><!--end av-masonry entry--><a href=\"https:\/\/www.maisonbeausoleil.fr\/wp-content\/uploads\/2023\/04\/IMG_9962-1030x773.jpg\" id='av-masonry-2-item-1992' data-av-masonry-item='1992' class='av-masonry-entry isotope-item post-1992 attachment type-attachment status-inherit hentry  av-masonry-item-with-image' title=\"IMG_9962\"  itemprop=\"thumbnailUrl\" ><div class='av-inner-masonry-sizer'><\/div><figure class='av-inner-masonry main_color'><div class=\"av-masonry-outerimage-container\"><div class=\"av-masonry-image-container\" style=\"background-image: url(https:\/\/www.maisonbeausoleil.fr\/wp-content\/uploads\/2023\/04\/IMG_9962-705x529.jpg);\" title=\"IMG_9962\" ><\/div><\/div><\/figure><\/a><!--end av-masonry entry--><a href=\"https:\/\/www.maisonbeausoleil.fr\/wp-content\/uploads\/2023\/05\/JY-Gommerel-maison-isolation-paille-Niafles-53400-Cuisine-1-1030x773.jpg\" id='av-masonry-2-item-1996' data-av-masonry-item='1996' class='av-masonry-entry isotope-item post-1996 attachment type-attachment status-inherit hentry  av-masonry-item-with-image' title=\"JY Gommerel-maison isolation paille-Niafles-53400-Cuisine-1\"  itemprop=\"thumbnailUrl\" ><div class='av-inner-masonry-sizer'><\/div><figure class='av-inner-masonry main_color'><div class=\"av-masonry-outerimage-container\"><div class=\"av-masonry-image-container\" style=\"background-image: url(https:\/\/www.maisonbeausoleil.fr\/wp-content\/uploads\/2023\/05\/JY-Gommerel-maison-isolation-paille-Niafles-53400-Cuisine-1-705x529.jpg);\" title=\"JY Gommerel-maison isolation paille-Niafles-53400-Cuisine-1\" ><\/div><\/div><\/figure><\/a><!--end av-masonry entry--><a href=\"https:\/\/www.maisonbeausoleil.fr\/wp-content\/uploads\/2023\/05\/JY-Gommerel-maison-isolation-paille-Niafles-53400-Cuisine-4-1030x773.jpg\" id='av-masonry-2-item-1999' data-av-masonry-item='1999' class='av-masonry-entry isotope-item post-1999 attachment type-attachment status-inherit hentry  av-masonry-item-with-image' title=\"JY Gommerel-maison isolation paille-Niafles-53400-Cuisine-4\"  itemprop=\"thumbnailUrl\" ><div class='av-inner-masonry-sizer'><\/div><figure class='av-inner-masonry main_color'><div class=\"av-masonry-outerimage-container\"><div class=\"av-masonry-image-container\" style=\"background-image: url(https:\/\/www.maisonbeausoleil.fr\/wp-content\/uploads\/2023\/05\/JY-Gommerel-maison-isolation-paille-Niafles-53400-Cuisine-4-705x529.jpg);\" title=\"JY Gommerel-maison isolation paille-Niafles-53400-Cuisine-4\" ><\/div><\/div><\/figure><\/a><!--end av-masonry entry--><a href=\"https:\/\/www.maisonbeausoleil.fr\/wp-content\/uploads\/2023\/05\/JY-Gommerel-maison-isolation-paille-Niafles-53400-Cuisine-3-1030x773.jpg\" id='av-masonry-2-item-1998' data-av-masonry-item='1998' class='av-masonry-entry isotope-item post-1998 attachment type-attachment status-inherit hentry  av-masonry-item-with-image' title=\"JY Gommerel-maison isolation paille-Niafles-53400-Cuisine-3\"  itemprop=\"thumbnailUrl\" ><div class='av-inner-masonry-sizer'><\/div><figure class='av-inner-masonry main_color'><div class=\"av-masonry-outerimage-container\"><div class=\"av-masonry-image-container\" style=\"background-image: url(https:\/\/www.maisonbeausoleil.fr\/wp-content\/uploads\/2023\/05\/JY-Gommerel-maison-isolation-paille-Niafles-53400-Cuisine-3-705x529.jpg);\" title=\"JY Gommerel-maison isolation paille-Niafles-53400-Cuisine-3\" ><\/div><\/div><\/figure><\/a><!--end av-masonry entry--><a href=\"https:\/\/www.maisonbeausoleil.fr\/wp-content\/uploads\/2023\/05\/JY-Gommerel-maison-isolation-paille-Niafles-53400-Cuisine-2-1030x773.jpg\" id='av-masonry-2-item-1997' data-av-masonry-item='1997' class='av-masonry-entry isotope-item post-1997 attachment type-attachment status-inherit hentry  av-masonry-item-with-image' title=\"JY Gommerel-maison isolation paille-Niafles-53400-Cuisine-2\"  itemprop=\"thumbnailUrl\" ><div class='av-inner-masonry-sizer'><\/div><figure class='av-inner-masonry main_color'><div class=\"av-masonry-outerimage-container\"><div class=\"av-masonry-image-container\" style=\"background-image: url(https:\/\/www.maisonbeausoleil.fr\/wp-content\/uploads\/2023\/05\/JY-Gommerel-maison-isolation-paille-Niafles-53400-Cuisine-2-705x529.jpg);\" title=\"JY Gommerel-maison isolation paille-Niafles-53400-Cuisine-2\" ><\/div><\/div><\/figure><\/a><!--end av-masonry entry--><a href=\"https:\/\/www.maisonbeausoleil.fr\/wp-content\/uploads\/2023\/05\/JY-Gommerel-maison-isolation-paille-Niafles-53400-espace-repas-1-1030x773.jpg\" id='av-masonry-2-item-2002' data-av-masonry-item='2002' class='av-masonry-entry isotope-item post-2002 attachment type-attachment status-inherit hentry  av-masonry-item-with-image' title=\"JY Gommerel-maison isolation paille-Niafles-53400-espace repas -1\"  itemprop=\"thumbnailUrl\" ><div class='av-inner-masonry-sizer'><\/div><figure class='av-inner-masonry main_color'><div class=\"av-masonry-outerimage-container\"><div class=\"av-masonry-image-container\" style=\"background-image: url(https:\/\/www.maisonbeausoleil.fr\/wp-content\/uploads\/2023\/05\/JY-Gommerel-maison-isolation-paille-Niafles-53400-espace-repas-1-705x529.jpg);\" title=\"JY Gommerel-maison isolation paille-Niafles-53400-espace repas -1\" ><\/div><\/div><\/figure><\/a><!--end av-masonry entry--><a href=\"https:\/\/www.maisonbeausoleil.fr\/wp-content\/uploads\/2023\/05\/JY-Gommerel-maison-isolation-paille-Niafles-53400-espace-repas-6-1030x773.jpg\" id='av-masonry-2-item-2005' data-av-masonry-item='2005' class='av-masonry-entry isotope-item post-2005 attachment type-attachment status-inherit hentry  av-masonry-item-with-image' title=\"JY Gommerel-maison isolation paille-Niafles-53400-espace repas -6\"  itemprop=\"thumbnailUrl\" ><div class='av-inner-masonry-sizer'><\/div><figure class='av-inner-masonry main_color'><div class=\"av-masonry-outerimage-container\"><div class=\"av-masonry-image-container\" style=\"background-image: url(https:\/\/www.maisonbeausoleil.fr\/wp-content\/uploads\/2023\/05\/JY-Gommerel-maison-isolation-paille-Niafles-53400-espace-repas-6-705x529.jpg);\" title=\"JY Gommerel-maison isolation paille-Niafles-53400-espace repas -6\" ><\/div><\/div><\/figure><\/a><!--end av-masonry entry--><a href=\"https:\/\/www.maisonbeausoleil.fr\/wp-content\/uploads\/2023\/05\/JY-Gommerel-maison-isolation-paille-Niafles-53400-salle-deau-sun-tunnel-773x1030.jpg\" id='av-masonry-2-item-2016' data-av-masonry-item='2016' class='av-masonry-entry isotope-item post-2016 attachment type-attachment status-inherit hentry  av-masonry-item-with-image' title=\"JY Gommerel-maison isolation paille-Niafles-53400-salle d&rsquo;eau + sun tunnel\"  itemprop=\"thumbnailUrl\" ><div class='av-inner-masonry-sizer'><\/div><figure class='av-inner-masonry main_color'><div class=\"av-masonry-outerimage-container\"><div class=\"av-masonry-image-container\" style=\"background-image: url(https:\/\/www.maisonbeausoleil.fr\/wp-content\/uploads\/2023\/05\/JY-Gommerel-maison-isolation-paille-Niafles-53400-salle-deau-sun-tunnel-529x705.jpg);\" title=\"JY Gommerel-maison isolation paille-Niafles-53400-salle d&rsquo;eau + sun tunnel\" ><\/div><\/div><\/figure><\/a><!--end av-masonry entry--><a href=\"https:\/\/www.maisonbeausoleil.fr\/wp-content\/uploads\/2023\/05\/JY-Gommerel-maison-isolation-paille-Niafles-53400-degagement-sun-tunnel-773x1030.jpg\" id='av-masonry-2-item-2001' data-av-masonry-item='2001' class='av-masonry-entry isotope-item post-2001 attachment type-attachment status-inherit hentry  av-masonry-item-with-image' title=\"JY Gommerel-maison isolation paille-Niafles-53400-de\u0301gagement + sun tunnel\"  itemprop=\"thumbnailUrl\" ><div class='av-inner-masonry-sizer'><\/div><figure class='av-inner-masonry main_color'><div class=\"av-masonry-outerimage-container\"><div class=\"av-masonry-image-container\" style=\"background-image: url(https:\/\/www.maisonbeausoleil.fr\/wp-content\/uploads\/2023\/05\/JY-Gommerel-maison-isolation-paille-Niafles-53400-degagement-sun-tunnel-529x705.jpg);\" title=\"JY Gommerel-maison isolation paille-Niafles-53400-de\u0301gagement + sun tunnel\" ><\/div><\/div><\/figure><\/a><!--end av-masonry entry--><a href=\"https:\/\/www.maisonbeausoleil.fr\/wp-content\/uploads\/2023\/05\/JY-Gommerel-maison-isolation-paille-Niafles-53400-garage-1-1030x773.jpg\" id='av-masonry-2-item-2014' data-av-masonry-item='2014' class='av-masonry-entry isotope-item post-2014 attachment type-attachment status-inherit hentry  av-masonry-item-with-image' title=\"JY Gommerel-maison isolation paille-Niafles-53400-garage-1\"  itemprop=\"thumbnailUrl\" ><div class='av-inner-masonry-sizer'><\/div><figure class='av-inner-masonry main_color'><div class=\"av-masonry-outerimage-container\"><div class=\"av-masonry-image-container\" style=\"background-image: url(https:\/\/www.maisonbeausoleil.fr\/wp-content\/uploads\/2023\/05\/JY-Gommerel-maison-isolation-paille-Niafles-53400-garage-1-705x529.jpg);\" title=\"JY Gommerel-maison isolation paille-Niafles-53400-garage-1\" ><\/div><\/div><\/figure><\/a><!--end av-masonry entry--><\/div><div class='av-masonry-pagination av-masonry-pagination-pagination'><nav class='pagination'><span class='pagination-meta'>Page 1 sur 0<\/span><\/nav>\n<\/div><\/div><\/div>\n<\/div><\/div><\/div><!-- close content main div --><\/div><\/div><div id='av_section_2'  class='avia-section main_color avia-section-default avia-no-border-styling  avia-bg-style-scroll  avia-builder-el-10  el_after_av_one_full  el_before_av_textblock   container_wrap sidebar_right' style='background-color: rgba(0,0,0,0.24);  '  ><div class='container' ><div class='template-page content  av-content-small alpha units'><div class='post-entry post-entry-type-page post-entry-25'><div class='entry-content-wrapper clearfix'>\n<section class=\"av_textblock_section \"  itemscope=\"itemscope\" itemtype=\"https:\/\/schema.org\/CreativeWork\" ><div class='avia_textblock  '   itemprop=\"text\" ><h3 style=\"text-align: left;\"><strong>2020 &#8211; R\u00e9alisation maison passive isolation paille \u00e0 \u00e9tage &#8211; 158 m2 &#8211; 53360 HOUSSAY<\/strong><\/h3>\n<p><span style=\"color: #000000;\"><strong>Programme : <\/strong>Construction d&rsquo;une maison individuelle avec pour espaces au rez de chauss\u00e9e : une entr\u00e9e, cuisine ouverte sue une salle repas et un salon, suite adultes avec dressing et salle d&rsquo;eau, lingerie, rangements et \u00e0 l&rsquo;\u00e9tage deux chambres enfants, palier et en annexe un atelier.<\/span><\/p>\n<p><span style=\"color: #000000;\"><strong>Surfaces\u00a0: <\/strong>Habitation 158,00 m2<\/span><\/p>\n<p><span style=\"color: #000000;\"><strong>Ma\u00eetre de l&rsquo;ouvrage<\/strong><strong> : <\/strong>Priv\u00e9 &#8211; r\u00e9sidence principale<\/span><\/p>\n<p><span style=\"color: #000000;\"><strong>Prestations :\u00a0<\/strong>Mission ma\u00eetrise d&rsquo;oeuvre : esquisse &#8211; avant projet &#8211; permis de construire &#8211; consultation des entreprises et suivi de chantier jusqu&rsquo;au hors d&rsquo;eau hors d&rsquo;air.<\/span><\/p>\n<p><span style=\"color: #000000;\"><strong>Mat\u00e9riaux\u00a0:<\/strong> Mur ossature bois isolation paille avec bardage bois, menuiseries ext\u00e9rieures aluminium, couverture bac acier isol\u00e9, cloison s\u00e8che avec isolation fibre de bois, sols carrel\u00e9s pour pi\u00e8ce de vie et parquet pour zone de nuit, chauffage bois \u00e0 granul\u00e9, wmc double flux. Performance \u00e9nerg\u00e9tique RT2012.<\/span><\/p>\n<p><span style=\"color: #000000;\"><strong>Vous avez un projet similaire : <\/strong><strong><a style=\"color: #000000;\" href=\"https:\/\/www.maisonbeausoleil.fr\/index.php\/devis-construction-maison-passive-paille-en-mayenne-53\/\" target=\"_blank\" rel=\"noopener\">Contactez-nous<\/a><\/strong><\/span><\/p>\n<\/div><\/section>\n<div  style='height:10px' class='hr hr-invisible   avia-builder-el-12  el_after_av_textblock  el_before_av_one_full '><span class='hr-inner ' ><span class='hr-inner-style'><\/span><\/span><\/div>\n<div class=\"flex_column av_one_full  flex_column_div av-zero-column-padding first  avia-builder-el-13  el_after_av_hr  avia-builder-el-last  \" style='border-radius:0px; '><div id='av-masonry-3' class='av-masonry  noHover av-fixed-size av-no-gap av-hover-overlay- av-masonry-animation-active av-masonry-col-6 av-caption-always av-caption-style- av-masonry-gallery     '  ><div class='av-masonry-container isotope av-js-disabled ' ><div class='av-masonry-entry isotope-item av-masonry-item-no-image '><\/div><a href=\"https:\/\/www.maisonbeausoleil.fr\/wp-content\/uploads\/2016\/05\/Vue-Jardin-1-1030x579.jpg\" id='av-masonry-3-item-1503' data-av-masonry-item='1503' class='av-masonry-entry isotope-item post-1503 attachment type-attachment status-inherit hentry  av-masonry-item-with-image' title=\"JY-Gommerel-maisonbeausoleil.fr-ISOLATION-PAILLE-53360-HOUSSAY\"  itemprop=\"thumbnailUrl\" ><div class='av-inner-masonry-sizer'><\/div><figure class='av-inner-masonry main_color'><div class=\"av-masonry-outerimage-container\"><div class=\"av-masonry-image-container\" style=\"background-image: url(https:\/\/www.maisonbeausoleil.fr\/wp-content\/uploads\/2016\/05\/Vue-Jardin-1-705x397.jpg);\" title=\"JY-Gommerel-maisonbeausoleil.fr-ISOLATION-PAILLE-53360-HOUSSAY\" ><\/div><\/div><\/figure><\/a><!--end av-masonry entry--><a href=\"https:\/\/www.maisonbeausoleil.fr\/wp-content\/uploads\/2016\/05\/Vue-Entr\u00e9e-1030x579.jpg\" id='av-masonry-3-item-1502' data-av-masonry-item='1502' class='av-masonry-entry isotope-item post-1502 attachment type-attachment status-inherit hentry  av-masonry-item-with-image' title=\"JY Gommerel &#8211; maisonbeausoleil.fr &#8211; Plan avant projet d\u00e9finitif-53360 HOUSSAY\"  itemprop=\"thumbnailUrl\" ><div class='av-inner-masonry-sizer'><\/div><figure class='av-inner-masonry main_color'><div class=\"av-masonry-outerimage-container\"><div class=\"av-masonry-image-container\" style=\"background-image: url(https:\/\/www.maisonbeausoleil.fr\/wp-content\/uploads\/2016\/05\/Vue-Entr\u00e9e-705x397.jpg);\" title=\"JY Gommerel &#8211; maisonbeausoleil.fr &#8211; Plan avant projet d\u00e9finitif-53360 HOUSSAY\" ><\/div><\/div><\/figure><\/a><!--end av-masonry entry--><a href=\"https:\/\/www.maisonbeausoleil.fr\/wp-content\/uploads\/2016\/05\/SALLEDA-RdC-1-1030x728.jpg\" id='av-masonry-3-item-1496' data-av-masonry-item='1496' class='av-masonry-entry isotope-item post-1496 attachment type-attachment status-inherit hentry  av-masonry-item-with-image' title=\"JY Gommerel &#8211; maisonbeausoleil.fr &#8211; Plan avant projet d\u00e9finitif-53360 HOUSSAY\"  itemprop=\"thumbnailUrl\" ><div class='av-inner-masonry-sizer'><\/div><figure class='av-inner-masonry main_color'><div class=\"av-masonry-outerimage-container\"><div class=\"av-masonry-image-container\" style=\"background-image: url(https:\/\/www.maisonbeausoleil.fr\/wp-content\/uploads\/2016\/05\/SALLEDA-RdC-1-705x499.jpg);\" title=\"JY Gommerel &#8211; maisonbeausoleil.fr &#8211; Plan avant projet d\u00e9finitif-53360 HOUSSAY\" ><\/div><\/div><\/figure><\/a><!--end av-masonry entry--><a href=\"https:\/\/www.maisonbeausoleil.fr\/wp-content\/uploads\/2016\/05\/SALLEDA-Etage-1-1030x728.jpg\" id='av-masonry-3-item-1495' data-av-masonry-item='1495' class='av-masonry-entry isotope-item post-1495 attachment type-attachment status-inherit hentry  av-masonry-item-with-image' title=\"JY Gommerel &#8211; maisonbeausoleil.fr &#8211; Plan avant projet d\u00e9finitif-53360 HOUSSAY\"  itemprop=\"thumbnailUrl\" ><div class='av-inner-masonry-sizer'><\/div><figure class='av-inner-masonry main_color'><div class=\"av-masonry-outerimage-container\"><div class=\"av-masonry-image-container\" style=\"background-image: url(https:\/\/www.maisonbeausoleil.fr\/wp-content\/uploads\/2016\/05\/SALLEDA-Etage-1-705x499.jpg);\" title=\"JY Gommerel &#8211; maisonbeausoleil.fr &#8211; Plan avant projet d\u00e9finitif-53360 HOUSSAY\" ><\/div><\/div><\/figure><\/a><!--end av-masonry entry--><a href=\"https:\/\/www.maisonbeausoleil.fr\/wp-content\/uploads\/2016\/05\/SALLEDA-Sud-1030x607.jpg\" id='av-masonry-3-item-1497' data-av-masonry-item='1497' class='av-masonry-entry isotope-item post-1497 attachment type-attachment status-inherit hentry  av-masonry-item-with-image' title=\"JY Gommerel &#8211; maisonbeausoleil.fr &#8211; Plan avant projet d\u00e9finitif-53360 HOUSSAY\"  itemprop=\"thumbnailUrl\" ><div class='av-inner-masonry-sizer'><\/div><figure class='av-inner-masonry main_color'><div class=\"av-masonry-outerimage-container\"><div class=\"av-masonry-image-container\" style=\"background-image: url(https:\/\/www.maisonbeausoleil.fr\/wp-content\/uploads\/2016\/05\/SALLEDA-Sud-705x415.jpg);\" title=\"JY Gommerel &#8211; maisonbeausoleil.fr &#8211; Plan avant projet d\u00e9finitif-53360 HOUSSAY\" ><\/div><\/div><\/figure><\/a><!--end av-masonry entry--><a href=\"https:\/\/www.maisonbeausoleil.fr\/wp-content\/uploads\/2016\/05\/SALLEDA-Ouest-1030x607.jpg\" id='av-masonry-3-item-1501' data-av-masonry-item='1501' class='av-masonry-entry isotope-item post-1501 attachment type-attachment status-inherit hentry  av-masonry-item-with-image' title=\"JY Gommerel &#8211; maisonbeausoleil.fr &#8211; Plan avant projet d\u00e9finitif-53360 HOUSSAY\"  itemprop=\"thumbnailUrl\" ><div class='av-inner-masonry-sizer'><\/div><figure class='av-inner-masonry main_color'><div class=\"av-masonry-outerimage-container\"><div class=\"av-masonry-image-container\" style=\"background-image: url(https:\/\/www.maisonbeausoleil.fr\/wp-content\/uploads\/2016\/05\/SALLEDA-Ouest-705x415.jpg);\" title=\"JY Gommerel &#8211; maisonbeausoleil.fr &#8211; Plan avant projet d\u00e9finitif-53360 HOUSSAY\" ><\/div><\/div><\/figure><\/a><!--end av-masonry entry--><a href=\"https:\/\/www.maisonbeausoleil.fr\/wp-content\/uploads\/2016\/05\/SALLEDA-Nord-1030x607.jpg\" id='av-masonry-3-item-1500' data-av-masonry-item='1500' class='av-masonry-entry isotope-item post-1500 attachment type-attachment status-inherit hentry  av-masonry-item-with-image' title=\"JY Gommerel &#8211; maisonbeausoleil.fr &#8211; Plan avant projet d\u00e9finitif-53360 HOUSSAY\"  itemprop=\"thumbnailUrl\" ><div class='av-inner-masonry-sizer'><\/div><figure class='av-inner-masonry main_color'><div class=\"av-masonry-outerimage-container\"><div class=\"av-masonry-image-container\" style=\"background-image: url(https:\/\/www.maisonbeausoleil.fr\/wp-content\/uploads\/2016\/05\/SALLEDA-Nord-705x415.jpg);\" title=\"JY Gommerel &#8211; maisonbeausoleil.fr &#8211; Plan avant projet d\u00e9finitif-53360 HOUSSAY\" ><\/div><\/div><\/figure><\/a><!--end av-masonry entry--><a href=\"https:\/\/www.maisonbeausoleil.fr\/wp-content\/uploads\/2016\/05\/SALLEDA-Est-1030x607.jpg\" id='av-masonry-3-item-1499' data-av-masonry-item='1499' class='av-masonry-entry isotope-item post-1499 attachment type-attachment status-inherit hentry  av-masonry-item-with-image' title=\"JY Gommerel &#8211; maisonbeausoleil.fr &#8211; Plan avant projet d\u00e9finitif-53360 HOUSSAY\"  itemprop=\"thumbnailUrl\" ><div class='av-inner-masonry-sizer'><\/div><figure class='av-inner-masonry main_color'><div class=\"av-masonry-outerimage-container\"><div class=\"av-masonry-image-container\" style=\"background-image: url(https:\/\/www.maisonbeausoleil.fr\/wp-content\/uploads\/2016\/05\/SALLEDA-Est-705x415.jpg);\" title=\"JY Gommerel &#8211; maisonbeausoleil.fr &#8211; Plan avant projet d\u00e9finitif-53360 HOUSSAY\" ><\/div><\/div><\/figure><\/a><!--end av-masonry entry--><a href=\"https:\/\/www.maisonbeausoleil.fr\/wp-content\/uploads\/2016\/05\/IMG_2969-1030x773.jpg\" id='av-masonry-3-item-1639' data-av-masonry-item='1639' class='av-masonry-entry isotope-item post-1639 attachment type-attachment status-inherit hentry  av-masonry-item-with-image' title=\"JY Gommerel &#8211; maisonbeausoleil.fr &#8211; ISOLATION PAILLE-53360 HOUSSAY\"  itemprop=\"thumbnailUrl\" ><div class='av-inner-masonry-sizer'><\/div><figure class='av-inner-masonry main_color'><div class=\"av-masonry-outerimage-container\"><div class=\"av-masonry-image-container\" style=\"background-image: url(https:\/\/www.maisonbeausoleil.fr\/wp-content\/uploads\/2016\/05\/IMG_2969-705x529.jpg);\" title=\"JY Gommerel &#8211; maisonbeausoleil.fr &#8211; ISOLATION PAILLE-53360 HOUSSAY\" ><\/div><\/div><\/figure><\/a><!--end av-masonry entry--><a href=\"https:\/\/www.maisonbeausoleil.fr\/wp-content\/uploads\/2016\/05\/IMG_2994-2-1.jpg\" id='av-masonry-3-item-1648' data-av-masonry-item='1648' class='av-masonry-entry isotope-item post-1648 attachment type-attachment status-inherit hentry  av-masonry-item-with-image' title=\"JY-Gommerel-maisonbeausoleil.fr-ISOLATION-PAILLE-53360-HOUSSAY\"  itemprop=\"thumbnailUrl\" ><div class='av-inner-masonry-sizer'><\/div><figure class='av-inner-masonry main_color'><div class=\"av-masonry-outerimage-container\"><div class=\"av-masonry-image-container\" style=\"background-image: url(https:\/\/www.maisonbeausoleil.fr\/wp-content\/uploads\/2016\/05\/IMG_2994-2-1-705x529.jpg);\" title=\"JY-Gommerel-maisonbeausoleil.fr-ISOLATION-PAILLE-53360-HOUSSAY\" ><\/div><\/div><\/figure><\/a><!--end av-masonry entry--><a href=\"https:\/\/www.maisonbeausoleil.fr\/wp-content\/uploads\/2016\/05\/IMG_3172-1030x773.jpg\" id='av-masonry-3-item-1642' data-av-masonry-item='1642' class='av-masonry-entry isotope-item post-1642 attachment type-attachment status-inherit hentry  av-masonry-item-with-image' title=\"JY Gommerel &#8211; maisonbeausoleil.fr &#8211; ISOLATION PAILLE-53360 HOUSSAY\"  itemprop=\"thumbnailUrl\" ><div class='av-inner-masonry-sizer'><\/div><figure class='av-inner-masonry main_color'><div class=\"av-masonry-outerimage-container\"><div class=\"av-masonry-image-container\" style=\"background-image: url(https:\/\/www.maisonbeausoleil.fr\/wp-content\/uploads\/2016\/05\/IMG_3172-705x529.jpg);\" title=\"JY Gommerel &#8211; maisonbeausoleil.fr &#8211; ISOLATION PAILLE-53360 HOUSSAY\" ><\/div><\/div><\/figure><\/a><!--end av-masonry entry--><a href=\"https:\/\/www.maisonbeausoleil.fr\/wp-content\/uploads\/2016\/05\/IMG_3171-773x1030.jpg\" id='av-masonry-3-item-1641' data-av-masonry-item='1641' class='av-masonry-entry isotope-item post-1641 attachment type-attachment status-inherit hentry  av-masonry-item-with-image' title=\"JY-Gommerel-maisonbeausoleil.fr-ISOLATION-PAILLE-53360-HOUSSAY\"  itemprop=\"thumbnailUrl\" ><div class='av-inner-masonry-sizer'><\/div><figure class='av-inner-masonry main_color'><div class=\"av-masonry-outerimage-container\"><div class=\"av-masonry-image-container\" style=\"background-image: url(https:\/\/www.maisonbeausoleil.fr\/wp-content\/uploads\/2016\/05\/IMG_3171-529x705.jpg);\" title=\"JY-Gommerel-maisonbeausoleil.fr-ISOLATION-PAILLE-53360-HOUSSAY\" ><\/div><\/div><\/figure><\/a><!--end av-masonry entry--><a href=\"https:\/\/www.maisonbeausoleil.fr\/wp-content\/uploads\/2016\/05\/IMG_3569-1030x773.jpg\" id='av-masonry-3-item-1655' data-av-masonry-item='1655' class='av-masonry-entry isotope-item post-1655 attachment type-attachment status-inherit hentry  av-masonry-item-with-image' title=\"JY Gommerel &#8211; maisonbeausoleil.fr &#8211; ISOLATION PAILLE-53360 HOUSSAY\"  itemprop=\"thumbnailUrl\" ><div class='av-inner-masonry-sizer'><\/div><figure class='av-inner-masonry main_color'><div class=\"av-masonry-outerimage-container\"><div class=\"av-masonry-image-container\" style=\"background-image: url(https:\/\/www.maisonbeausoleil.fr\/wp-content\/uploads\/2016\/05\/IMG_3569-705x529.jpg);\" title=\"JY Gommerel &#8211; maisonbeausoleil.fr &#8211; ISOLATION PAILLE-53360 HOUSSAY\" ><\/div><\/div><\/figure><\/a><!--end av-masonry entry--><a href=\"https:\/\/www.maisonbeausoleil.fr\/wp-content\/uploads\/2016\/05\/IMG_3603-1030x773.jpg\" id='av-masonry-3-item-1657' data-av-masonry-item='1657' class='av-masonry-entry isotope-item post-1657 attachment type-attachment status-inherit hentry  av-masonry-item-with-image' title=\"JY Gommerel &#8211; maisonbeausoleil.fr &#8211; ISOLATION PAILLE-53360 HOUSSAY\"  itemprop=\"thumbnailUrl\" ><div class='av-inner-masonry-sizer'><\/div><figure class='av-inner-masonry main_color'><div class=\"av-masonry-outerimage-container\"><div class=\"av-masonry-image-container\" style=\"background-image: url(https:\/\/www.maisonbeausoleil.fr\/wp-content\/uploads\/2016\/05\/IMG_3603-705x529.jpg);\" title=\"JY Gommerel &#8211; maisonbeausoleil.fr &#8211; ISOLATION PAILLE-53360 HOUSSAY\" ><\/div><\/div><\/figure><\/a><!--end av-masonry entry--><a href=\"https:\/\/www.maisonbeausoleil.fr\/wp-content\/uploads\/2016\/05\/IMG_3605-1030x773.jpg\" id='av-masonry-3-item-1658' data-av-masonry-item='1658' class='av-masonry-entry isotope-item post-1658 attachment type-attachment status-inherit hentry  av-masonry-item-with-image' title=\"JY Gommerel &#8211; maisonbeausoleil.fr &#8211; ISOLATION PAILLE-53360 HOUSSAY\"  itemprop=\"thumbnailUrl\" ><div class='av-inner-masonry-sizer'><\/div><figure class='av-inner-masonry main_color'><div class=\"av-masonry-outerimage-container\"><div class=\"av-masonry-image-container\" style=\"background-image: url(https:\/\/www.maisonbeausoleil.fr\/wp-content\/uploads\/2016\/05\/IMG_3605-705x529.jpg);\" title=\"JY Gommerel &#8211; maisonbeausoleil.fr &#8211; ISOLATION PAILLE-53360 HOUSSAY\" ><\/div><\/div><\/figure><\/a><!--end av-masonry entry--><a href=\"https:\/\/www.maisonbeausoleil.fr\/wp-content\/uploads\/2020\/04\/IMG_4438-1030x773.jpg\" id='av-masonry-3-item-1687' data-av-masonry-item='1687' class='av-masonry-entry isotope-item post-1687 attachment type-attachment status-inherit hentry  av-masonry-item-with-image' title=\"JY-Gommerel-maisonbeausoleil.fr-ISOLATION-PAILLE-53360-HOUSSAY\"  itemprop=\"thumbnailUrl\" ><div class='av-inner-masonry-sizer'><\/div><figure class='av-inner-masonry main_color'><div class=\"av-masonry-outerimage-container\"><div class=\"av-masonry-image-container\" style=\"background-image: url(https:\/\/www.maisonbeausoleil.fr\/wp-content\/uploads\/2020\/04\/IMG_4438-705x529.jpg);\" title=\"JY-Gommerel-maisonbeausoleil.fr-ISOLATION-PAILLE-53360-HOUSSAY\" ><\/div><\/div><\/figure><\/a><!--end av-masonry entry--><a href=\"https:\/\/www.maisonbeausoleil.fr\/wp-content\/uploads\/2020\/04\/IMG_4439-1030x773.jpg\" id='av-masonry-3-item-1688' data-av-masonry-item='1688' class='av-masonry-entry isotope-item post-1688 attachment type-attachment status-inherit hentry  av-masonry-item-with-image' title=\"JY-Gommerel-maisonbeausoleil.fr-ISOLATION-PAILLE-53360-HOUSSAY\"  itemprop=\"thumbnailUrl\" ><div class='av-inner-masonry-sizer'><\/div><figure class='av-inner-masonry main_color'><div class=\"av-masonry-outerimage-container\"><div class=\"av-masonry-image-container\" style=\"background-image: url(https:\/\/www.maisonbeausoleil.fr\/wp-content\/uploads\/2020\/04\/IMG_4439-705x529.jpg);\" title=\"JY-Gommerel-maisonbeausoleil.fr-ISOLATION-PAILLE-53360-HOUSSAY\" ><\/div><\/div><\/figure><\/a><!--end av-masonry entry--><a href=\"https:\/\/www.maisonbeausoleil.fr\/wp-content\/uploads\/2020\/04\/IMG_4434-1030x773.jpg\" id='av-masonry-3-item-1683' data-av-masonry-item='1683' class='av-masonry-entry isotope-item post-1683 attachment type-attachment status-inherit hentry  av-masonry-item-with-image' title=\"JY-Gommerel-maisonbeausoleil.fr-ISOLATION-PAILLE-53360-HOUSSAY\"  itemprop=\"thumbnailUrl\" ><div class='av-inner-masonry-sizer'><\/div><figure class='av-inner-masonry main_color'><div class=\"av-masonry-outerimage-container\"><div class=\"av-masonry-image-container\" style=\"background-image: url(https:\/\/www.maisonbeausoleil.fr\/wp-content\/uploads\/2020\/04\/IMG_4434-705x529.jpg);\" title=\"JY-Gommerel-maisonbeausoleil.fr-ISOLATION-PAILLE-53360-HOUSSAY\" ><\/div><\/div><\/figure><\/a><!--end av-masonry entry--><a href=\"https:\/\/www.maisonbeausoleil.fr\/wp-content\/uploads\/2020\/04\/IMG_4444-1030x773.jpg\" id='av-masonry-3-item-1693' data-av-masonry-item='1693' class='av-masonry-entry isotope-item post-1693 attachment type-attachment status-inherit hentry  av-masonry-item-with-image' title=\"JY-Gommerel-maisonbeausoleil.fr-ISOLATION-PAILLE-53360-HOUSSAY\"  itemprop=\"thumbnailUrl\" ><div class='av-inner-masonry-sizer'><\/div><figure class='av-inner-masonry main_color'><div class=\"av-masonry-outerimage-container\"><div class=\"av-masonry-image-container\" style=\"background-image: url(https:\/\/www.maisonbeausoleil.fr\/wp-content\/uploads\/2020\/04\/IMG_4444-705x529.jpg);\" title=\"JY-Gommerel-maisonbeausoleil.fr-ISOLATION-PAILLE-53360-HOUSSAY\" ><\/div><\/div><\/figure><\/a><!--end av-masonry entry--><a href=\"https:\/\/www.maisonbeausoleil.fr\/wp-content\/uploads\/2020\/04\/IMG_4435-1030x773.jpg\" id='av-masonry-3-item-1684' data-av-masonry-item='1684' class='av-masonry-entry isotope-item post-1684 attachment type-attachment status-inherit hentry  av-masonry-item-with-image' title=\"JY-Gommerel-maisonbeausoleil.fr-ISOLATION-PAILLE-53360-HOUSSAY\"  itemprop=\"thumbnailUrl\" ><div class='av-inner-masonry-sizer'><\/div><figure class='av-inner-masonry main_color'><div class=\"av-masonry-outerimage-container\"><div class=\"av-masonry-image-container\" style=\"background-image: url(https:\/\/www.maisonbeausoleil.fr\/wp-content\/uploads\/2020\/04\/IMG_4435-705x529.jpg);\" title=\"JY-Gommerel-maisonbeausoleil.fr-ISOLATION-PAILLE-53360-HOUSSAY\" ><\/div><\/div><\/figure><\/a><!--end av-masonry entry--><a href=\"https:\/\/www.maisonbeausoleil.fr\/wp-content\/uploads\/2020\/04\/IMG_4443-1030x773.jpg\" id='av-masonry-3-item-1692' data-av-masonry-item='1692' class='av-masonry-entry isotope-item post-1692 attachment type-attachment status-inherit hentry  av-masonry-item-with-image' title=\"JY-Gommerel-maisonbeausoleil.fr-ISOLATION-PAILLE-53360-HOUSSAY\"  itemprop=\"thumbnailUrl\" ><div class='av-inner-masonry-sizer'><\/div><figure class='av-inner-masonry main_color'><div class=\"av-masonry-outerimage-container\"><div class=\"av-masonry-image-container\" style=\"background-image: url(https:\/\/www.maisonbeausoleil.fr\/wp-content\/uploads\/2020\/04\/IMG_4443-705x529.jpg);\" title=\"JY-Gommerel-maisonbeausoleil.fr-ISOLATION-PAILLE-53360-HOUSSAY\" ><\/div><\/div><\/figure><\/a><!--end av-masonry entry--><a href=\"https:\/\/www.maisonbeausoleil.fr\/wp-content\/uploads\/2020\/04\/IMG_4445-1030x773.jpg\" id='av-masonry-3-item-1694' data-av-masonry-item='1694' class='av-masonry-entry isotope-item post-1694 attachment type-attachment status-inherit hentry  av-masonry-item-with-image' title=\"JY-Gommerel-maisonbeausoleil.fr-ISOLATION-PAILLE-53360-HOUSSAY\"  itemprop=\"thumbnailUrl\" ><div class='av-inner-masonry-sizer'><\/div><figure class='av-inner-masonry main_color'><div class=\"av-masonry-outerimage-container\"><div class=\"av-masonry-image-container\" style=\"background-image: url(https:\/\/www.maisonbeausoleil.fr\/wp-content\/uploads\/2020\/04\/IMG_4445-705x529.jpg);\" title=\"JY-Gommerel-maisonbeausoleil.fr-ISOLATION-PAILLE-53360-HOUSSAY\" ><\/div><\/div><\/figure><\/a><!--end av-masonry entry--><a href=\"https:\/\/www.maisonbeausoleil.fr\/wp-content\/uploads\/2020\/04\/IMG_4437-1030x773.jpg\" id='av-masonry-3-item-1686' data-av-masonry-item='1686' class='av-masonry-entry isotope-item post-1686 attachment type-attachment status-inherit hentry  av-masonry-item-with-image' title=\"JY-Gommerel-maisonbeausoleil.fr-ISOLATION-PAILLE-53360-HOUSSAY\"  itemprop=\"thumbnailUrl\" ><div class='av-inner-masonry-sizer'><\/div><figure class='av-inner-masonry main_color'><div class=\"av-masonry-outerimage-container\"><div class=\"av-masonry-image-container\" style=\"background-image: url(https:\/\/www.maisonbeausoleil.fr\/wp-content\/uploads\/2020\/04\/IMG_4437-705x529.jpg);\" title=\"JY-Gommerel-maisonbeausoleil.fr-ISOLATION-PAILLE-53360-HOUSSAY\" ><\/div><\/div><\/figure><\/a><!--end av-masonry entry--><a href=\"https:\/\/www.maisonbeausoleil.fr\/wp-content\/uploads\/2020\/04\/IMG_4432-1030x773.jpg\" id='av-masonry-3-item-1681' data-av-masonry-item='1681' class='av-masonry-entry isotope-item post-1681 attachment type-attachment status-inherit hentry  av-masonry-item-with-image' title=\"JY-Gommerel-maisonbeausoleil.fr-ISOLATION-PAILLE-53360-HOUSSAY\"  itemprop=\"thumbnailUrl\" ><div class='av-inner-masonry-sizer'><\/div><figure class='av-inner-masonry main_color'><div class=\"av-masonry-outerimage-container\"><div class=\"av-masonry-image-container\" style=\"background-image: url(https:\/\/www.maisonbeausoleil.fr\/wp-content\/uploads\/2020\/04\/IMG_4432-705x529.jpg);\" title=\"JY-Gommerel-maisonbeausoleil.fr-ISOLATION-PAILLE-53360-HOUSSAY\" ><\/div><\/div><\/figure><\/a><!--end av-masonry entry--><\/div><div class='av-masonry-pagination av-masonry-pagination-pagination'><nav class='pagination'><span class='pagination-meta'>Page 1 sur 0<\/span><\/nav>\n<\/div><\/div><\/div>\n<\/div><\/div><\/div><!-- close content main div --><\/div><\/div><div id='after_section_2'  class='main_color av_default_container_wrap container_wrap sidebar_right' style=' '  ><div class='container' ><div class='template-page content  av-content-small alpha units'><div class='post-entry post-entry-type-page post-entry-25'><div class='entry-content-wrapper clearfix'>\n<section class=\"av_textblock_section \"  itemscope=\"itemscope\" itemtype=\"https:\/\/schema.org\/CreativeWork\" ><div class='avia_textblock  '   itemprop=\"text\" ><h3 style=\"text-align: left;\"><strong>2013 &#8211; R\u00e9alisation maison passive isolation paille\u00a0 \u00e0 \u00e9tage &#8211; 186 m2 &#8211; 49420 POUANC\u00c9<\/strong><\/h3>\n<p><span style=\"color: #000000;\"><strong>Programme : <\/strong>Construction d&rsquo;une maison individuelle avec pour espaces au rez de chauss\u00e9e : sas entr\u00e9e, cuisine ouverte enfilade sur une salle repas et un salon, suite adultes avec dressing et salle d&rsquo;eau, bureau, lingerie, rangements et un grand cellier et \u00e0 l&rsquo;\u00e9tage deux chambres enfants, palier et une salle d&rsquo;eau.<\/span><\/p>\n<p><span style=\"color: #000000;\"><strong>Surfaces\u00a0: <\/strong>Habitation 186,00 m2<\/span><\/p>\n<p><span style=\"color: #000000;\"><strong>Ma\u00eetre de l&rsquo;ouvrage<\/strong><strong> : <\/strong>Priv\u00e9 &#8211; r\u00e9sidence principale<\/span><\/p>\n<p><span style=\"color: #000000;\"><strong>Prestations :\u00a0<\/strong>Mission ma\u00eetrise d&rsquo;oeuvre : esquisse &#8211; avant projet &#8211; permis de construire &#8211; consultation des entreprises et suivi de chantier.<\/span><\/p>\n<p><span style=\"color: #000000;\"><strong>Mat\u00e9riaux\u00a0:<\/strong> Mur ossature bois isolation paille avec bardage bois, menuiseries ext\u00e9rieures mixte bois-aluminium, couverture en zinc, cloison s\u00e8che avec isolation fibre de bois, sols carrel\u00e9s pour pi\u00e8ce de vie et parquet pour zone de nuit, chauffage bois \u00e0 granul\u00e9, wmc double flux. Performance \u00e9nerg\u00e9tique RT2005.<\/span><\/p>\n<p><span style=\"color: #000000;\"><strong>Vous avez un projet similaire : <a style=\"color: #000000;\" href=\"https:\/\/www.maisonbeausoleil.fr\/index.php\/devis-construction-maison-passive-paille-en-mayenne-53\/\" target=\"_blank\" rel=\"noopener\">Contactez-nous<\/a><\/strong><\/span><\/p>\n<\/div><\/section>\n<div  style='height:10px' class='hr hr-invisible   avia-builder-el-16  el_after_av_textblock  el_before_av_one_full '><span class='hr-inner ' ><span class='hr-inner-style'><\/span><\/span><\/div>\n<div class=\"flex_column av_one_full  flex_column_div av-zero-column-padding first  avia-builder-el-17  el_after_av_hr  el_before_av_section  avia-builder-el-last  \" style='border-radius:0px; '><div id='av-masonry-4' class='av-masonry  noHover av-fixed-size av-no-gap av-hover-overlay- av-masonry-animation-active av-masonry-col-6 av-caption-always av-caption-style- av-masonry-gallery     '  ><div class='av-masonry-container isotope av-js-disabled ' ><div class='av-masonry-entry isotope-item av-masonry-item-no-image '><\/div><a href=\"https:\/\/www.maisonbeausoleil.fr\/wp-content\/uploads\/2016\/10\/Sc\u00e8ne-1-JARDIN-avec-filtre-1030x773.jpg\" id='av-masonry-4-item-1089' data-av-masonry-item='1089' class='av-masonry-entry isotope-item post-1089 attachment type-attachment status-inherit hentry  av-masonry-item-with-image' title=\"maisonbeausoleil.fr\"  itemprop=\"thumbnailUrl\" ><div class='av-inner-masonry-sizer'><\/div><figure class='av-inner-masonry main_color'><div class=\"av-masonry-outerimage-container\"><div class=\"av-masonry-image-container\" style=\"background-image: url(https:\/\/www.maisonbeausoleil.fr\/wp-content\/uploads\/2016\/10\/Sc\u00e8ne-1-JARDIN-avec-filtre-705x529.jpg);\" title=\"maisonbeausoleil.fr\" ><\/div><\/div><\/figure><\/a><!--end av-masonry entry--><a href=\"https:\/\/www.maisonbeausoleil.fr\/wp-content\/uploads\/2016\/05\/MaisonBeausoleil.fr-1-1030x348.png\" id='av-masonry-4-item-1316' data-av-masonry-item='1316' class='av-masonry-entry isotope-item post-1316 attachment type-attachment status-inherit hentry  av-masonry-item-with-image' title=\"MaisonBeausoleil.fr\"  itemprop=\"thumbnailUrl\" ><div class='av-inner-masonry-sizer'><\/div><figure class='av-inner-masonry main_color'><div class=\"av-masonry-outerimage-container\"><div class=\"av-masonry-image-container\" style=\"background-image: url(https:\/\/www.maisonbeausoleil.fr\/wp-content\/uploads\/2016\/05\/MaisonBeausoleil.fr-1-705x238.png);\" title=\"MaisonBeausoleil.fr\" ><\/div><\/div><\/figure><\/a><!--end av-masonry entry--><a href=\"https:\/\/www.maisonbeausoleil.fr\/wp-content\/uploads\/2016\/05\/MaisonBeausoleil.fr-3-1030x338.png\" id='av-masonry-4-item-1318' data-av-masonry-item='1318' class='av-masonry-entry isotope-item post-1318 attachment type-attachment status-inherit hentry  av-masonry-item-with-image' title=\"MaisonBeausoleil.fr-3\"  itemprop=\"thumbnailUrl\" ><div class='av-inner-masonry-sizer'><\/div><figure class='av-inner-masonry main_color'><div class=\"av-masonry-outerimage-container\"><div class=\"av-masonry-image-container\" style=\"background-image: url(https:\/\/www.maisonbeausoleil.fr\/wp-content\/uploads\/2016\/05\/MaisonBeausoleil.fr-3-705x232.png);\" title=\"MaisonBeausoleil.fr-3\" ><\/div><\/div><\/figure><\/a><!--end av-masonry entry--><a href=\"https:\/\/www.maisonbeausoleil.fr\/wp-content\/uploads\/2016\/05\/MaisonBeausoleil.fr-4-1030x345.png\" id='av-masonry-4-item-1319' data-av-masonry-item='1319' class='av-masonry-entry isotope-item post-1319 attachment type-attachment status-inherit hentry  av-masonry-item-with-image' title=\"MaisonBeausoleil.fr-4\"  itemprop=\"thumbnailUrl\" ><div class='av-inner-masonry-sizer'><\/div><figure class='av-inner-masonry main_color'><div class=\"av-masonry-outerimage-container\"><div class=\"av-masonry-image-container\" style=\"background-image: url(https:\/\/www.maisonbeausoleil.fr\/wp-content\/uploads\/2016\/05\/MaisonBeausoleil.fr-4-705x236.png);\" title=\"MaisonBeausoleil.fr-4\" ><\/div><\/div><\/figure><\/a><!--end av-masonry entry--><a href=\"https:\/\/www.maisonbeausoleil.fr\/wp-content\/uploads\/2016\/05\/MaisonBeausoleil.fr-2-1030x312.png\" id='av-masonry-4-item-1317' data-av-masonry-item='1317' class='av-masonry-entry isotope-item post-1317 attachment type-attachment status-inherit hentry  av-masonry-item-with-image' title=\"MaisonBeausoleil.fr-2\"  itemprop=\"thumbnailUrl\" ><div class='av-inner-masonry-sizer'><\/div><figure class='av-inner-masonry main_color'><div class=\"av-masonry-outerimage-container\"><div class=\"av-masonry-image-container\" style=\"background-image: url(https:\/\/www.maisonbeausoleil.fr\/wp-content\/uploads\/2016\/05\/MaisonBeausoleil.fr-2-705x213.png);\" title=\"MaisonBeausoleil.fr-2\" ><\/div><\/div><\/figure><\/a><!--end av-masonry entry--><a href=\"https:\/\/www.maisonbeausoleil.fr\/wp-content\/uploads\/2016\/10\/Sc\u00e8ne-5-SALLE-A-MANGER-AVEC-FILTRE-1030x773.jpg\" id='av-masonry-4-item-1093' data-av-masonry-item='1093' class='av-masonry-entry isotope-item post-1093 attachment type-attachment status-inherit hentry  av-masonry-item-with-image' title=\"maisonbeausoleil.fr\"  itemprop=\"thumbnailUrl\" ><div class='av-inner-masonry-sizer'><\/div><figure class='av-inner-masonry main_color'><div class=\"av-masonry-outerimage-container\"><div class=\"av-masonry-image-container\" style=\"background-image: url(https:\/\/www.maisonbeausoleil.fr\/wp-content\/uploads\/2016\/10\/Sc\u00e8ne-5-SALLE-A-MANGER-AVEC-FILTRE-705x529.jpg);\" title=\"maisonbeausoleil.fr\" ><\/div><\/div><\/figure><\/a><!--end av-masonry entry--><a href=\"https:\/\/www.maisonbeausoleil.fr\/wp-content\/uploads\/2016\/10\/Sc\u00e8ne-4-CUISINE-avec-filtre-1030x773.jpg\" id='av-masonry-4-item-1092' data-av-masonry-item='1092' class='av-masonry-entry isotope-item post-1092 attachment type-attachment status-inherit hentry  av-masonry-item-with-image' title=\"maisonbeausoleil.fr\"  itemprop=\"thumbnailUrl\" ><div class='av-inner-masonry-sizer'><\/div><figure class='av-inner-masonry main_color'><div class=\"av-masonry-outerimage-container\"><div class=\"av-masonry-image-container\" style=\"background-image: url(https:\/\/www.maisonbeausoleil.fr\/wp-content\/uploads\/2016\/10\/Sc\u00e8ne-4-CUISINE-avec-filtre-705x529.jpg);\" title=\"maisonbeausoleil.fr\" ><\/div><\/div><\/figure><\/a><!--end av-masonry entry--><a href=\"https:\/\/www.maisonbeausoleil.fr\/wp-content\/uploads\/2016\/07\/GEMIN-Cote\u0301-jardin-01-1030x579.jpg\" id='av-masonry-4-item-671' data-av-masonry-item='671' class='av-masonry-entry isotope-item post-671 attachment type-attachment status-inherit hentry  av-masonry-item-with-image' title=\"maisonbeausoleil.fr\"  itemprop=\"thumbnailUrl\" ><div class='av-inner-masonry-sizer'><\/div><figure class='av-inner-masonry main_color'><div class=\"av-masonry-outerimage-container\"><div class=\"av-masonry-image-container\" style=\"background-image: url(https:\/\/www.maisonbeausoleil.fr\/wp-content\/uploads\/2016\/07\/GEMIN-Cote\u0301-jardin-01-705x397.jpg);\" title=\"maisonbeausoleil.fr\" ><\/div><\/div><\/figure><\/a><!--end av-masonry entry--><a href=\"https:\/\/www.maisonbeausoleil.fr\/wp-content\/uploads\/2016\/07\/GEMIN-vue-doiseau-1030x579.jpg\" id='av-masonry-4-item-677' data-av-masonry-item='677' class='av-masonry-entry isotope-item post-677 attachment type-attachment status-inherit hentry  av-masonry-item-with-image' title=\"maisonbeausoleil.fr\"  itemprop=\"thumbnailUrl\" ><div class='av-inner-masonry-sizer'><\/div><figure class='av-inner-masonry main_color'><div class=\"av-masonry-outerimage-container\"><div class=\"av-masonry-image-container\" style=\"background-image: url(https:\/\/www.maisonbeausoleil.fr\/wp-content\/uploads\/2016\/07\/GEMIN-vue-doiseau-705x397.jpg);\" title=\"maisonbeausoleil.fr\" ><\/div><\/div><\/figure><\/a><!--end av-masonry entry--><a href=\"https:\/\/www.maisonbeausoleil.fr\/wp-content\/uploads\/2016\/07\/Vue-inte\u0301rieure-1030x773.jpg\" id='av-masonry-4-item-801' data-av-masonry-item='801' class='av-masonry-entry isotope-item post-801 attachment type-attachment status-inherit hentry  av-masonry-item-with-image' title=\"maisonbeausoleil.fr\"  itemprop=\"thumbnailUrl\" ><div class='av-inner-masonry-sizer'><\/div><figure class='av-inner-masonry main_color'><div class=\"av-masonry-outerimage-container\"><div class=\"av-masonry-image-container\" style=\"background-image: url(https:\/\/www.maisonbeausoleil.fr\/wp-content\/uploads\/2016\/07\/Vue-inte\u0301rieure-705x529.jpg);\" title=\"maisonbeausoleil.fr\" ><\/div><\/div><\/figure><\/a><!--end av-masonry entry--><a href=\"https:\/\/www.maisonbeausoleil.fr\/wp-content\/uploads\/2016\/07\/DSC00689-1030x773.jpg\" id='av-masonry-4-item-800' data-av-masonry-item='800' class='av-masonry-entry isotope-item post-800 attachment type-attachment status-inherit hentry  av-masonry-item-with-image' title=\"maisonbeausoleil.fr\"  itemprop=\"thumbnailUrl\" ><div class='av-inner-masonry-sizer'><\/div><figure class='av-inner-masonry main_color'><div class=\"av-masonry-outerimage-container\"><div class=\"av-masonry-image-container\" style=\"background-image: url(https:\/\/www.maisonbeausoleil.fr\/wp-content\/uploads\/2016\/07\/DSC00689-705x529.jpg);\" title=\"maisonbeausoleil.fr\" ><\/div><\/div><\/figure><\/a><!--end av-masonry entry--><a href=\"https:\/\/www.maisonbeausoleil.fr\/wp-content\/uploads\/2016\/07\/IMG_1404-1030x773.jpg\" id='av-masonry-4-item-802' data-av-masonry-item='802' class='av-masonry-entry isotope-item post-802 attachment type-attachment status-inherit hentry  av-masonry-item-with-image' title=\"maisonbeausoleil.fr\"  itemprop=\"thumbnailUrl\" ><div class='av-inner-masonry-sizer'><\/div><figure class='av-inner-masonry main_color'><div class=\"av-masonry-outerimage-container\"><div class=\"av-masonry-image-container\" style=\"background-image: url(https:\/\/www.maisonbeausoleil.fr\/wp-content\/uploads\/2016\/07\/IMG_1404-705x529.jpg);\" title=\"maisonbeausoleil.fr\" ><\/div><\/div><\/figure><\/a><!--end av-masonry entry--><a href=\"https:\/\/www.maisonbeausoleil.fr\/wp-content\/uploads\/2016\/10\/Sc\u00e8ne-2-VUE-AERIENNE-avec-filtre-1030x773.jpg\" id='av-masonry-4-item-1090' data-av-masonry-item='1090' class='av-masonry-entry isotope-item post-1090 attachment type-attachment status-inherit hentry  av-masonry-item-with-image' title=\"maisonbeausoleil.fr\"  itemprop=\"thumbnailUrl\" ><div class='av-inner-masonry-sizer'><\/div><figure class='av-inner-masonry main_color'><div class=\"av-masonry-outerimage-container\"><div class=\"av-masonry-image-container\" style=\"background-image: url(https:\/\/www.maisonbeausoleil.fr\/wp-content\/uploads\/2016\/10\/Sc\u00e8ne-2-VUE-AERIENNE-avec-filtre-705x529.jpg);\" title=\"maisonbeausoleil.fr\" ><\/div><\/div><\/figure><\/a><!--end av-masonry entry--><a href=\"https:\/\/www.maisonbeausoleil.fr\/wp-content\/uploads\/2016\/10\/Sc\u00e8ne-3-JARDIN-avec-filtre-1030x773.jpg\" id='av-masonry-4-item-1091' data-av-masonry-item='1091' class='av-masonry-entry isotope-item post-1091 attachment type-attachment status-inherit hentry  av-masonry-item-with-image' title=\"maisonbeausoleil.fr\"  itemprop=\"thumbnailUrl\" ><div class='av-inner-masonry-sizer'><\/div><figure class='av-inner-masonry main_color'><div class=\"av-masonry-outerimage-container\"><div class=\"av-masonry-image-container\" style=\"background-image: url(https:\/\/www.maisonbeausoleil.fr\/wp-content\/uploads\/2016\/10\/Sc\u00e8ne-3-JARDIN-avec-filtre-705x529.jpg);\" title=\"maisonbeausoleil.fr\" ><\/div><\/div><\/figure><\/a><!--end av-masonry entry--><a href=\"https:\/\/www.maisonbeausoleil.fr\/wp-content\/uploads\/2017\/03\/1-FACADE-SUD-APLATIE-1030x404.jpg\" id='av-masonry-4-item-1139' data-av-masonry-item='1139' class='av-masonry-entry isotope-item post-1139 attachment type-attachment status-inherit hentry  av-masonry-item-with-image' title=\"maisonbeausoleil.fr\"  itemprop=\"thumbnailUrl\" ><div class='av-inner-masonry-sizer'><\/div><figure class='av-inner-masonry main_color'><div class=\"av-masonry-outerimage-container\"><div class=\"av-masonry-image-container\" style=\"background-image: url(https:\/\/www.maisonbeausoleil.fr\/wp-content\/uploads\/2017\/03\/1-FACADE-SUD-APLATIE-705x276.jpg);\" title=\"maisonbeausoleil.fr\" ><\/div><\/div><\/figure><\/a><!--end av-masonry entry--><a href=\"https:\/\/www.maisonbeausoleil.fr\/wp-content\/uploads\/2017\/03\/4-FACADE-OUEST-APLATIE-1030x404.jpg\" id='av-masonry-4-item-1142' data-av-masonry-item='1142' class='av-masonry-entry isotope-item post-1142 attachment type-attachment status-inherit hentry  av-masonry-item-with-image' title=\"maisonbeausoleil.fr\"  itemprop=\"thumbnailUrl\" ><div class='av-inner-masonry-sizer'><\/div><figure class='av-inner-masonry main_color'><div class=\"av-masonry-outerimage-container\"><div class=\"av-masonry-image-container\" style=\"background-image: url(https:\/\/www.maisonbeausoleil.fr\/wp-content\/uploads\/2017\/03\/4-FACADE-OUEST-APLATIE-705x276.jpg);\" title=\"maisonbeausoleil.fr\" ><\/div><\/div><\/figure><\/a><!--end av-masonry entry--><a href=\"https:\/\/www.maisonbeausoleil.fr\/wp-content\/uploads\/2017\/03\/3-FACADE-NORD-APLATIE-1030x404.jpg\" id='av-masonry-4-item-1141' data-av-masonry-item='1141' class='av-masonry-entry isotope-item post-1141 attachment type-attachment status-inherit hentry  av-masonry-item-with-image' title=\"maisonbeausoleil.fr\"  itemprop=\"thumbnailUrl\" ><div class='av-inner-masonry-sizer'><\/div><figure class='av-inner-masonry main_color'><div class=\"av-masonry-outerimage-container\"><div class=\"av-masonry-image-container\" style=\"background-image: url(https:\/\/www.maisonbeausoleil.fr\/wp-content\/uploads\/2017\/03\/3-FACADE-NORD-APLATIE-705x276.jpg);\" title=\"maisonbeausoleil.fr\" ><\/div><\/div><\/figure><\/a><!--end av-masonry entry--><a href=\"https:\/\/www.maisonbeausoleil.fr\/wp-content\/uploads\/2017\/03\/2-FACADE-EST-APLATIE-1030x404.jpg\" id='av-masonry-4-item-1140' data-av-masonry-item='1140' class='av-masonry-entry isotope-item post-1140 attachment type-attachment status-inherit hentry  av-masonry-item-with-image' title=\"maisonbeausoleil.fr\"  itemprop=\"thumbnailUrl\" ><div class='av-inner-masonry-sizer'><\/div><figure class='av-inner-masonry main_color'><div class=\"av-masonry-outerimage-container\"><div class=\"av-masonry-image-container\" style=\"background-image: url(https:\/\/www.maisonbeausoleil.fr\/wp-content\/uploads\/2017\/03\/2-FACADE-EST-APLATIE-705x276.jpg);\" title=\"maisonbeausoleil.fr\" ><\/div><\/div><\/figure><\/a><!--end av-masonry entry--><a href=\"https:\/\/www.maisonbeausoleil.fr\/wp-content\/uploads\/2016\/07\/GEM-maison-passive-bioclimatique-1-1030x683.jpg\" id='av-masonry-4-item-1441' data-av-masonry-item='1441' class='av-masonry-entry isotope-item post-1441 attachment type-attachment status-inherit hentry  av-masonry-item-with-image' title=\"MaisonBeausoleil.fr\"  itemprop=\"thumbnailUrl\" ><div class='av-inner-masonry-sizer'><\/div><figure class='av-inner-masonry main_color'><div class=\"av-masonry-outerimage-container\"><div class=\"av-masonry-image-container\" style=\"background-image: url(https:\/\/www.maisonbeausoleil.fr\/wp-content\/uploads\/2016\/07\/GEM-maison-passive-bioclimatique-1-705x467.jpg);\" title=\"MaisonBeausoleil.fr\" ><\/div><\/div><\/figure><\/a><!--end av-masonry entry--><a href=\"https:\/\/www.maisonbeausoleil.fr\/wp-content\/uploads\/2016\/07\/GEM-maison-passive-bioclimatique-3-1030x683.jpg\" id='av-masonry-4-item-1443' data-av-masonry-item='1443' class='av-masonry-entry isotope-item post-1443 attachment type-attachment status-inherit hentry  av-masonry-item-with-image' title=\"MaisonBeausoleil.fr\"  itemprop=\"thumbnailUrl\" ><div class='av-inner-masonry-sizer'><\/div><figure class='av-inner-masonry main_color'><div class=\"av-masonry-outerimage-container\"><div class=\"av-masonry-image-container\" style=\"background-image: url(https:\/\/www.maisonbeausoleil.fr\/wp-content\/uploads\/2016\/07\/GEM-maison-passive-bioclimatique-3-705x467.jpg);\" title=\"MaisonBeausoleil.fr\" ><\/div><\/div><\/figure><\/a><!--end av-masonry entry--><a href=\"https:\/\/www.maisonbeausoleil.fr\/wp-content\/uploads\/2016\/07\/GEM-maison-passive-bioclimatique-2-1030x683.jpg\" id='av-masonry-4-item-1442' data-av-masonry-item='1442' class='av-masonry-entry isotope-item post-1442 attachment type-attachment status-inherit hentry  av-masonry-item-with-image' title=\"GEM-maison-passive-bioclimatique-2\"  itemprop=\"thumbnailUrl\" ><div class='av-inner-masonry-sizer'><\/div><figure class='av-inner-masonry main_color'><div class=\"av-masonry-outerimage-container\"><div class=\"av-masonry-image-container\" style=\"background-image: url(https:\/\/www.maisonbeausoleil.fr\/wp-content\/uploads\/2016\/07\/GEM-maison-passive-bioclimatique-2-705x467.jpg);\" title=\"GEM-maison-passive-bioclimatique-2\" ><\/div><\/div><\/figure><\/a><!--end av-masonry entry--><a href=\"https:\/\/www.maisonbeausoleil.fr\/wp-content\/uploads\/2016\/07\/GEM-maison-passive-bioclimatique-7-1030x683.jpg\" id='av-masonry-4-item-1447' data-av-masonry-item='1447' class='av-masonry-entry isotope-item post-1447 attachment type-attachment status-inherit hentry  av-masonry-item-with-image' title=\"MaisonBeausoleil.fr\"  itemprop=\"thumbnailUrl\" ><div class='av-inner-masonry-sizer'><\/div><figure class='av-inner-masonry main_color'><div class=\"av-masonry-outerimage-container\"><div class=\"av-masonry-image-container\" style=\"background-image: url(https:\/\/www.maisonbeausoleil.fr\/wp-content\/uploads\/2016\/07\/GEM-maison-passive-bioclimatique-7-705x467.jpg);\" title=\"MaisonBeausoleil.fr\" ><\/div><\/div><\/figure><\/a><!--end av-masonry entry--><a href=\"https:\/\/www.maisonbeausoleil.fr\/wp-content\/uploads\/2016\/07\/GEM-maison-passive-bioclimatique-8-1030x683.jpg\" id='av-masonry-4-item-1448' data-av-masonry-item='1448' class='av-masonry-entry isotope-item post-1448 attachment type-attachment status-inherit hentry  av-masonry-item-with-image' title=\"MaisonBeausoleil.fr\"  itemprop=\"thumbnailUrl\" ><div class='av-inner-masonry-sizer'><\/div><figure class='av-inner-masonry main_color'><div class=\"av-masonry-outerimage-container\"><div class=\"av-masonry-image-container\" style=\"background-image: url(https:\/\/www.maisonbeausoleil.fr\/wp-content\/uploads\/2016\/07\/GEM-maison-passive-bioclimatique-8-705x467.jpg);\" title=\"MaisonBeausoleil.fr\" ><\/div><\/div><\/figure><\/a><!--end av-masonry entry--><a href=\"https:\/\/www.maisonbeausoleil.fr\/wp-content\/uploads\/2016\/07\/GEM-maison-passive-bioclimatique-6-1030x683.jpg\" id='av-masonry-4-item-1446' data-av-masonry-item='1446' class='av-masonry-entry isotope-item post-1446 attachment type-attachment status-inherit hentry  av-masonry-item-with-image' title=\"MaisonBeausoleil.fr\"  itemprop=\"thumbnailUrl\" ><div class='av-inner-masonry-sizer'><\/div><figure class='av-inner-masonry main_color'><div class=\"av-masonry-outerimage-container\"><div class=\"av-masonry-image-container\" style=\"background-image: url(https:\/\/www.maisonbeausoleil.fr\/wp-content\/uploads\/2016\/07\/GEM-maison-passive-bioclimatique-6-705x467.jpg);\" title=\"MaisonBeausoleil.fr\" ><\/div><\/div><\/figure><\/a><!--end av-masonry entry--><\/div><div class='av-masonry-pagination av-masonry-pagination-pagination'><nav class='pagination'><span class='pagination-meta'>Page 1 sur 0<\/span><\/nav>\n<\/div><\/div><\/div>\n<\/div><\/div><\/div><!-- close content main div --><\/div><\/div><div id='av_section_3'  class='avia-section main_color avia-section-default avia-no-border-styling  avia-bg-style-scroll  avia-builder-el-19  el_after_av_one_full  avia-builder-el-last   container_wrap sidebar_right' style='background-color: rgba(0,0,0,0.24);  '  ><div class='container' ><div class='template-page content  av-content-small alpha units'><div class='post-entry post-entry-type-page post-entry-25'><div class='entry-content-wrapper clearfix'>\n<section class=\"av_textblock_section \"  itemscope=\"itemscope\" itemtype=\"https:\/\/schema.org\/CreativeWork\" ><div class='avia_textblock  '   itemprop=\"text\" ><h3 style=\"text-align: left;\"><strong>2009 &#8211; R\u00e9alisation maison passive isolation paille \u00e0 \u00e9tage &#8211; 174 m2 &#8211; 53220 MONTAUDIN<\/strong><\/h3>\n<p><span style=\"color: #000000;\"><strong>Programme : <\/strong>Construction d&rsquo;une maison individuelle avec pour espaces au rez de chauss\u00e9e : sas entr\u00e9e, cuisine ouverte enfilade sur une salle repas et un salon, suite adultes avec dressing et salle d&rsquo;eau, bureau, lingerie, rangements et \u00e0 l&rsquo;\u00e9tage deux chambres enfants, palier et une salle d&rsquo;eau et en annexe b\u00e2timent pour atelier et rangements.<\/span><\/p>\n<p><span style=\"color: #000000;\"><strong>Surfaces\u00a0: <\/strong>Habitation 174,00 m2<\/span><\/p>\n<p><span style=\"color: #000000;\"><strong>Ma\u00eetre de l&rsquo;ouvrage<\/strong><strong> : <\/strong>Priv\u00e9 &#8211; r\u00e9sidence principale<\/span><\/p>\n<p><span style=\"color: #000000;\"><strong>Prestations :\u00a0<\/strong>Mission ma\u00eetrise d&rsquo;oeuvre : esquisse &#8211; avant projet &#8211; permis de construire &#8211; consultation des entreprises.<\/span><\/p>\n<p><span style=\"color: #000000;\"><strong>Mat\u00e9riaux\u00a0:<\/strong> Mur ossature bois isolation paille avec bardage bois, menuiseries ext\u00e9rieures bois, couverture v\u00e9g\u00e9tale, cloison s\u00e8che avec isolation fibre de bois, sols carrel\u00e9s pour pi\u00e8ce de vie et parquet pour zone de nuit, chauffage bois \u00e0 buche. Performance \u00e9nerg\u00e9tique RT2005.<\/span><\/p>\n<p><span style=\"color: #000000;\"><strong>Vous avez un projet similaire : <a style=\"color: #000000;\" href=\"https:\/\/www.maisonbeausoleil.fr\/index.php\/contact-gommerel-maison-beausoleil-isolation-paille-mayenne-53\/\" target=\"_blank\" rel=\"noopener\">Contactez-nous<\/a><\/strong><\/span><\/p>\n<\/div><\/section>\n<div  style='height:10px' class='hr hr-invisible   avia-builder-el-21  el_after_av_textblock  el_before_av_one_full '><span class='hr-inner ' ><span class='hr-inner-style'><\/span><\/span><\/div>\n<div class=\"flex_column av_one_full  flex_column_div av-zero-column-padding first  avia-builder-el-22  el_after_av_hr  avia-builder-el-last  \" style='border-radius:0px; '><div id='av-masonry-5' class='av-masonry  noHover av-fixed-size av-no-gap av-hover-overlay- av-masonry-animation-active av-masonry-col-6 av-caption-always av-caption-style- av-masonry-gallery     '  ><div class='av-masonry-container isotope av-js-disabled ' ><div class='av-masonry-entry isotope-item av-masonry-item-no-image '><\/div><a href=\"https:\/\/www.maisonbeausoleil.fr\/wp-content\/uploads\/2016\/07\/Proto2-Plessis-Fournier-Croquis-Proto-2-1030x507.jpg\" id='av-masonry-5-item-957' data-av-masonry-item='957' class='av-masonry-entry isotope-item post-957 attachment type-attachment status-inherit hentry  av-masonry-item-with-image' title=\"maisonbeausoleil.fr\"  itemprop=\"thumbnailUrl\" ><div class='av-inner-masonry-sizer'><\/div><figure class='av-inner-masonry main_color'><div class=\"av-masonry-outerimage-container\"><div class=\"av-masonry-image-container\" style=\"background-image: url(https:\/\/www.maisonbeausoleil.fr\/wp-content\/uploads\/2016\/07\/Proto2-Plessis-Fournier-Croquis-Proto-2-705x347.jpg);\" title=\"maisonbeausoleil.fr\" ><\/div><\/div><\/figure><\/a><!--end av-masonry entry--><a href=\"https:\/\/www.maisonbeausoleil.fr\/wp-content\/uploads\/2016\/07\/CIMG9490-1030x773.jpg\" id='av-masonry-5-item-811' data-av-masonry-item='811' class='av-masonry-entry isotope-item post-811 attachment type-attachment status-inherit hentry  av-masonry-item-with-image' title=\"maisonbeausoleil.fr\"  itemprop=\"thumbnailUrl\" ><div class='av-inner-masonry-sizer'><\/div><figure class='av-inner-masonry main_color'><div class=\"av-masonry-outerimage-container\"><div class=\"av-masonry-image-container\" style=\"background-image: url(https:\/\/www.maisonbeausoleil.fr\/wp-content\/uploads\/2016\/07\/CIMG9490-705x529.jpg);\" title=\"maisonbeausoleil.fr\" ><\/div><\/div><\/figure><\/a><!--end av-masonry entry--><a href=\"https:\/\/www.maisonbeausoleil.fr\/wp-content\/uploads\/2016\/07\/Proto2-Plessis-Fournier-Sce\u0300ne-3-Filtre-OK-1030x579.jpg\" id='av-masonry-5-item-959' data-av-masonry-item='959' class='av-masonry-entry isotope-item post-959 attachment type-attachment status-inherit hentry  av-masonry-item-with-image' title=\"maisonbeausoleil.fr\"  itemprop=\"thumbnailUrl\" ><div class='av-inner-masonry-sizer'><\/div><figure class='av-inner-masonry main_color'><div class=\"av-masonry-outerimage-container\"><div class=\"av-masonry-image-container\" style=\"background-image: url(https:\/\/www.maisonbeausoleil.fr\/wp-content\/uploads\/2016\/07\/Proto2-Plessis-Fournier-Sce\u0300ne-3-Filtre-OK-705x397.jpg);\" title=\"maisonbeausoleil.fr\" ><\/div><\/div><\/figure><\/a><!--end av-masonry entry--><a href=\"https:\/\/www.maisonbeausoleil.fr\/wp-content\/uploads\/2016\/07\/Proto2-Plessis-Fournier-Sce\u0300ne-3-4-plonge\u0301e-Filtre-1030x579.jpg\" id='av-masonry-5-item-961' data-av-masonry-item='961' class='av-masonry-entry isotope-item post-961 attachment type-attachment status-inherit hentry  av-masonry-item-with-image' title=\"maisonbeausoleil.fr\"  itemprop=\"thumbnailUrl\" ><div class='av-inner-masonry-sizer'><\/div><figure class='av-inner-masonry main_color'><div class=\"av-masonry-outerimage-container\"><div class=\"av-masonry-image-container\" style=\"background-image: url(https:\/\/www.maisonbeausoleil.fr\/wp-content\/uploads\/2016\/07\/Proto2-Plessis-Fournier-Sce\u0300ne-3-4-plonge\u0301e-Filtre-705x397.jpg);\" title=\"maisonbeausoleil.fr\" ><\/div><\/div><\/figure><\/a><!--end av-masonry entry--><a href=\"https:\/\/www.maisonbeausoleil.fr\/wp-content\/uploads\/2016\/07\/Proto2-Plessis-Fournier-Sce\u0300ne-1-Filtre-OK-1030x579.jpg\" id='av-masonry-5-item-958' data-av-masonry-item='958' class='av-masonry-entry isotope-item post-958 attachment type-attachment status-inherit hentry  av-masonry-item-with-image' title=\"maisonbeausoleil.fr\"  itemprop=\"thumbnailUrl\" ><div class='av-inner-masonry-sizer'><\/div><figure class='av-inner-masonry main_color'><div class=\"av-masonry-outerimage-container\"><div class=\"av-masonry-image-container\" style=\"background-image: url(https:\/\/www.maisonbeausoleil.fr\/wp-content\/uploads\/2016\/07\/Proto2-Plessis-Fournier-Sce\u0300ne-1-Filtre-OK-705x397.jpg);\" title=\"maisonbeausoleil.fr\" ><\/div><\/div><\/figure><\/a><!--end av-masonry entry--><a href=\"https:\/\/www.maisonbeausoleil.fr\/wp-content\/uploads\/2016\/07\/Proto2-Plessis-Fournier-Sce\u0300ne-7-Filtre-1030x579.jpg\" id='av-masonry-5-item-963' data-av-masonry-item='963' class='av-masonry-entry isotope-item post-963 attachment type-attachment status-inherit hentry  av-masonry-item-with-image' title=\"maisonbeausoleil.fr\"  itemprop=\"thumbnailUrl\" ><div class='av-inner-masonry-sizer'><\/div><figure class='av-inner-masonry main_color'><div class=\"av-masonry-outerimage-container\"><div class=\"av-masonry-image-container\" style=\"background-image: url(https:\/\/www.maisonbeausoleil.fr\/wp-content\/uploads\/2016\/07\/Proto2-Plessis-Fournier-Sce\u0300ne-7-Filtre-705x397.jpg);\" title=\"maisonbeausoleil.fr\" ><\/div><\/div><\/figure><\/a><!--end av-masonry entry--><a href=\"https:\/\/www.maisonbeausoleil.fr\/wp-content\/uploads\/2016\/07\/Proto2-Plessis-Fournier-Sce\u0300ne-6-Filtre-1030x579.jpg\" id='av-masonry-5-item-962' data-av-masonry-item='962' class='av-masonry-entry isotope-item post-962 attachment type-attachment status-inherit hentry  av-masonry-item-with-image' title=\"maisonbeausoleil.fr\"  itemprop=\"thumbnailUrl\" ><div class='av-inner-masonry-sizer'><\/div><figure class='av-inner-masonry main_color'><div class=\"av-masonry-outerimage-container\"><div class=\"av-masonry-image-container\" style=\"background-image: url(https:\/\/www.maisonbeausoleil.fr\/wp-content\/uploads\/2016\/07\/Proto2-Plessis-Fournier-Sce\u0300ne-6-Filtre-705x397.jpg);\" title=\"maisonbeausoleil.fr\" ><\/div><\/div><\/figure><\/a><!--end av-masonry entry--><a href=\"https:\/\/www.maisonbeausoleil.fr\/wp-content\/uploads\/2016\/07\/FOURNIER_cuisine-1030x579.jpg\" id='av-masonry-5-item-806' data-av-masonry-item='806' class='av-masonry-entry isotope-item post-806 attachment type-attachment status-inherit hentry  av-masonry-item-with-image' title=\"maisonbeausoleil.fr\"  itemprop=\"thumbnailUrl\" ><div class='av-inner-masonry-sizer'><\/div><figure class='av-inner-masonry main_color'><div class=\"av-masonry-outerimage-container\"><div class=\"av-masonry-image-container\" style=\"background-image: url(https:\/\/www.maisonbeausoleil.fr\/wp-content\/uploads\/2016\/07\/FOURNIER_cuisine-705x397.jpg);\" title=\"maisonbeausoleil.fr\" ><\/div><\/div><\/figure><\/a><!--end av-masonry entry--><a href=\"https:\/\/www.maisonbeausoleil.fr\/wp-content\/uploads\/2016\/07\/FOURNIER_salon-01-1030x579.jpg\" id='av-masonry-5-item-808' data-av-masonry-item='808' class='av-masonry-entry isotope-item post-808 attachment type-attachment status-inherit hentry  av-masonry-item-with-image' title=\"maisonbeausoleil.fr\"  itemprop=\"thumbnailUrl\" ><div class='av-inner-masonry-sizer'><\/div><figure class='av-inner-masonry main_color'><div class=\"av-masonry-outerimage-container\"><div class=\"av-masonry-image-container\" style=\"background-image: url(https:\/\/www.maisonbeausoleil.fr\/wp-content\/uploads\/2016\/07\/FOURNIER_salon-01-705x397.jpg);\" title=\"maisonbeausoleil.fr\" ><\/div><\/div><\/figure><\/a><!--end av-masonry entry--><a href=\"https:\/\/www.maisonbeausoleil.fr\/wp-content\/uploads\/2016\/07\/FOURNIER_coin-lecture-02-1030x579.jpg\" id='av-masonry-5-item-805' data-av-masonry-item='805' class='av-masonry-entry isotope-item post-805 attachment type-attachment status-inherit hentry  av-masonry-item-with-image' title=\"Pless_coin lecture 02-maisonbeausoleil.fr\"  itemprop=\"thumbnailUrl\" ><div class='av-inner-masonry-sizer'><\/div><figure class='av-inner-masonry main_color'><div class=\"av-masonry-outerimage-container\"><div class=\"av-masonry-image-container\" style=\"background-image: url(https:\/\/www.maisonbeausoleil.fr\/wp-content\/uploads\/2016\/07\/FOURNIER_coin-lecture-02-705x397.jpg);\" title=\"Pless_coin lecture 02-maisonbeausoleil.fr\" ><\/div><\/div><\/figure><\/a><!--end av-masonry entry--><a href=\"https:\/\/www.maisonbeausoleil.fr\/wp-content\/uploads\/2016\/07\/FOURNIER_chambre-RDC-1030x579.jpg\" id='av-masonry-5-item-804' data-av-masonry-item='804' class='av-masonry-entry isotope-item post-804 attachment type-attachment status-inherit hentry  av-masonry-item-with-image' title=\"Pless_chambre RDC-maisonbeausoleil.fr\"  itemprop=\"thumbnailUrl\" ><div class='av-inner-masonry-sizer'><\/div><figure class='av-inner-masonry main_color'><div class=\"av-masonry-outerimage-container\"><div class=\"av-masonry-image-container\" style=\"background-image: url(https:\/\/www.maisonbeausoleil.fr\/wp-content\/uploads\/2016\/07\/FOURNIER_chambre-RDC-705x397.jpg);\" title=\"Pless_chambre RDC-maisonbeausoleil.fr\" ><\/div><\/div><\/figure><\/a><!--end av-masonry entry--><a href=\"https:\/\/www.maisonbeausoleil.fr\/wp-content\/uploads\/2016\/07\/FOURNIER_salon-02-1030x579.jpg\" id='av-masonry-5-item-809' data-av-masonry-item='809' class='av-masonry-entry isotope-item post-809 attachment type-attachment status-inherit hentry  av-masonry-item-with-image' title=\"maisonbeausoleil.fr\"  itemprop=\"thumbnailUrl\" ><div class='av-inner-masonry-sizer'><\/div><figure class='av-inner-masonry main_color'><div class=\"av-masonry-outerimage-container\"><div class=\"av-masonry-image-container\" style=\"background-image: url(https:\/\/www.maisonbeausoleil.fr\/wp-content\/uploads\/2016\/07\/FOURNIER_salon-02-705x397.jpg);\" title=\"maisonbeausoleil.fr\" ><\/div><\/div><\/figure><\/a><!--end av-masonry entry--><\/div><div class='av-masonry-pagination av-masonry-pagination-pagination'><nav class='pagination'><span class='pagination-meta'>Page 1 sur 0<\/span><\/nav>\n<\/div><\/div><\/div>\n<\/div><\/div><\/div><!-- close content main div --><\/div><\/div><div id='after_section_3'  class='main_color av_default_container_wrap container_wrap sidebar_right' style=' '  ><div class='container' ><div class='template-page content  av-content-small alpha units'><div class='post-entry post-entry-type-page post-entry-25'><div class='entry-content-wrapper clearfix'>\n","protected":false},"excerpt":{"rendered":"","protected":false},"author":1,"featured_media":0,"parent":0,"menu_order":0,"comment_status":"closed","ping_status":"closed","template":"","meta":{"footnotes":""},"class_list":["post-25","page","type-page","status-publish","hentry"],"yoast_head":"<!-- This site is optimized with the Yoast SEO plugin v27.5 - https:\/\/yoast.com\/product\/yoast-seo-wordpress\/ -->\n<title>Maison passive Mayenne : Performance \u00c9nerg\u00e9tique R\u00e92020 - Maison passive bioclimatique ossature bois isolation paille<\/title>\n<meta name=\"description\" content=\"Explorez les caract\u00e9ristiques de la maison passive Mayenne, incluant des mat\u00e9riaux \u00e9cologiques et une performance \u00e9nerg\u00e9tique RE2020.\" \/>\n<meta name=\"robots\" content=\"index, follow, max-snippet:-1, max-image-preview:large, max-video-preview:-1\" \/>\n<link rel=\"canonical\" href=\"https:\/\/www.maisonbeausoleil.fr\/index.php\/construction-maison-passive-ossature-bois-paille-mayenne-53\/\" \/>\n<meta property=\"og:locale\" content=\"fr_FR\" \/>\n<meta property=\"og:type\" content=\"article\" \/>\n<meta property=\"og:title\" content=\"Maison passive Mayenne : Performance \u00c9nerg\u00e9tique R\u00e92020 - Maison passive bioclimatique ossature bois isolation paille\" \/>\n<meta property=\"og:description\" content=\"Explorez les caract\u00e9ristiques de la maison passive Mayenne, incluant des mat\u00e9riaux \u00e9cologiques et une performance \u00e9nerg\u00e9tique RE2020.\" \/>\n<meta property=\"og:url\" content=\"https:\/\/www.maisonbeausoleil.fr\/index.php\/construction-maison-passive-ossature-bois-paille-mayenne-53\/\" \/>\n<meta property=\"og:site_name\" content=\"Maison passive bioclimatique ossature bois isolation paille\" \/>\n<meta property=\"article:publisher\" content=\"https:\/\/www.facebook.com\/maisonenergiepositive\/?locale=fr_FR\" \/>\n<meta property=\"article:modified_time\" content=\"2025-10-15T15:18:30+00:00\" \/>\n<meta name=\"twitter:card\" content=\"summary_large_image\" \/>\n<meta name=\"twitter:site\" content=\"@UC0WxY73_wQkCxambOiOLiGQ\" \/>\n<meta name=\"twitter:label1\" content=\"Dur\u00e9e de lecture estim\u00e9e\" \/>\n\t<meta name=\"twitter:data1\" content=\"7 minutes\" \/>\n<script type=\"application\/ld+json\" class=\"yoast-schema-graph\">{\"@context\":\"https:\\\/\\\/schema.org\",\"@graph\":[{\"@type\":\"WebPage\",\"@id\":\"https:\\\/\\\/www.maisonbeausoleil.fr\\\/index.php\\\/construction-maison-passive-ossature-bois-paille-mayenne-53\\\/\",\"url\":\"https:\\\/\\\/www.maisonbeausoleil.fr\\\/index.php\\\/construction-maison-passive-ossature-bois-paille-mayenne-53\\\/\",\"name\":\"Maison passive Mayenne : Performance \u00c9nerg\u00e9tique R\u00e92020 - Maison passive bioclimatique ossature bois isolation paille\",\"isPartOf\":{\"@id\":\"https:\\\/\\\/www.maisonbeausoleil.fr\\\/#website\"},\"datePublished\":\"2016-05-18T11:18:16+00:00\",\"dateModified\":\"2025-10-15T15:18:30+00:00\",\"description\":\"Explorez les caract\u00e9ristiques de la maison passive Mayenne, incluant des mat\u00e9riaux \u00e9cologiques et une performance \u00e9nerg\u00e9tique RE2020.\",\"breadcrumb\":{\"@id\":\"https:\\\/\\\/www.maisonbeausoleil.fr\\\/index.php\\\/construction-maison-passive-ossature-bois-paille-mayenne-53\\\/#breadcrumb\"},\"inLanguage\":\"fr-FR\",\"potentialAction\":[{\"@type\":\"ReadAction\",\"target\":[\"https:\\\/\\\/www.maisonbeausoleil.fr\\\/index.php\\\/construction-maison-passive-ossature-bois-paille-mayenne-53\\\/\"]}]},{\"@type\":\"BreadcrumbList\",\"@id\":\"https:\\\/\\\/www.maisonbeausoleil.fr\\\/index.php\\\/construction-maison-passive-ossature-bois-paille-mayenne-53\\\/#breadcrumb\",\"itemListElement\":[{\"@type\":\"ListItem\",\"position\":1,\"name\":\"Accueil\",\"item\":\"https:\\\/\\\/www.maisonbeausoleil.fr\\\/index.php\\\/construire-en-paille-mayenne-53\\\/\"},{\"@type\":\"ListItem\",\"position\":2,\"name\":\"R\u00e9alisations\"}]},{\"@type\":\"WebSite\",\"@id\":\"https:\\\/\\\/www.maisonbeausoleil.fr\\\/#website\",\"url\":\"https:\\\/\\\/www.maisonbeausoleil.fr\\\/\",\"name\":\"Maison passive bioclimatique \u00e0 isolation paille\",\"description\":\"JY Gommerel dessine votre maison passive bioclimatique isolation paille en Mayenne\",\"publisher\":{\"@id\":\"https:\\\/\\\/www.maisonbeausoleil.fr\\\/#organization\"},\"alternateName\":\"Maison passive bioclimatique \u00e0 isolation paille en Mayenne 53\",\"potentialAction\":[{\"@type\":\"SearchAction\",\"target\":{\"@type\":\"EntryPoint\",\"urlTemplate\":\"https:\\\/\\\/www.maisonbeausoleil.fr\\\/?s={search_term_string}\"},\"query-input\":{\"@type\":\"PropertyValueSpecification\",\"valueRequired\":true,\"valueName\":\"search_term_string\"}}],\"inLanguage\":\"fr-FR\"},{\"@type\":\"Organization\",\"@id\":\"https:\\\/\\\/www.maisonbeausoleil.fr\\\/#organization\",\"name\":\"Maison passive bioclimatique \u00e0 isolation paille\",\"alternateName\":\"Maison passive bioclimatique \u00e0 isolation paille en Mayenne 53\",\"url\":\"https:\\\/\\\/www.maisonbeausoleil.fr\\\/\",\"logo\":{\"@type\":\"ImageObject\",\"inLanguage\":\"fr-FR\",\"@id\":\"https:\\\/\\\/www.maisonbeausoleil.fr\\\/#\\\/schema\\\/logo\\\/image\\\/\",\"url\":\"https:\\\/\\\/www.maisonbeausoleil.fr\\\/wp-content\\\/uploads\\\/2021\\\/12\\\/LOGO-BEAUSOLEIL-FINAL.jpg\",\"contentUrl\":\"https:\\\/\\\/www.maisonbeausoleil.fr\\\/wp-content\\\/uploads\\\/2021\\\/12\\\/LOGO-BEAUSOLEIL-FINAL.jpg\",\"width\":1080,\"height\":401,\"caption\":\"Maison passive bioclimatique \u00e0 isolation paille\"},\"image\":{\"@id\":\"https:\\\/\\\/www.maisonbeausoleil.fr\\\/#\\\/schema\\\/logo\\\/image\\\/\"},\"sameAs\":[\"https:\\\/\\\/www.facebook.com\\\/maisonenergiepositive\\\/?locale=fr_FR\",\"https:\\\/\\\/x.com\\\/UC0WxY73_wQkCxambOiOLiGQ\",\"https:\\\/\\\/www.gommerel-habitat-passif.com\\\/\",\"https:\\\/\\\/www.youtube.com\\\/channel\\\/UC0WxY73_wQkCxambOiOLiGQ\",\"https:\\\/\\\/www.instagram.com\\\/maison_passive_paille\\\/?hl=fr\",\"https:\\\/\\\/www.facebook.com\\\/maisonenergiepositive\\\/\"]}]}<\/script>\n<!-- \/ Yoast SEO plugin. -->","yoast_head_json":{"title":"Maison passive Mayenne : Performance \u00c9nerg\u00e9tique R\u00e92020 - Maison passive bioclimatique ossature bois isolation paille","description":"Explorez les caract\u00e9ristiques de la maison passive Mayenne, incluant des mat\u00e9riaux \u00e9cologiques et une performance \u00e9nerg\u00e9tique RE2020.","robots":{"index":"index","follow":"follow","max-snippet":"max-snippet:-1","max-image-preview":"max-image-preview:large","max-video-preview":"max-video-preview:-1"},"canonical":"https:\/\/www.maisonbeausoleil.fr\/index.php\/construction-maison-passive-ossature-bois-paille-mayenne-53\/","og_locale":"fr_FR","og_type":"article","og_title":"Maison passive Mayenne : Performance \u00c9nerg\u00e9tique R\u00e92020 - Maison passive bioclimatique ossature bois isolation paille","og_description":"Explorez les caract\u00e9ristiques de la maison passive Mayenne, incluant des mat\u00e9riaux \u00e9cologiques et une performance \u00e9nerg\u00e9tique RE2020.","og_url":"https:\/\/www.maisonbeausoleil.fr\/index.php\/construction-maison-passive-ossature-bois-paille-mayenne-53\/","og_site_name":"Maison passive bioclimatique ossature bois isolation paille","article_publisher":"https:\/\/www.facebook.com\/maisonenergiepositive\/?locale=fr_FR","article_modified_time":"2025-10-15T15:18:30+00:00","twitter_card":"summary_large_image","twitter_site":"@UC0WxY73_wQkCxambOiOLiGQ","twitter_misc":{"Dur\u00e9e de lecture estim\u00e9e":"7 minutes"},"schema":{"@context":"https:\/\/schema.org","@graph":[{"@type":"WebPage","@id":"https:\/\/www.maisonbeausoleil.fr\/index.php\/construction-maison-passive-ossature-bois-paille-mayenne-53\/","url":"https:\/\/www.maisonbeausoleil.fr\/index.php\/construction-maison-passive-ossature-bois-paille-mayenne-53\/","name":"Maison passive Mayenne : Performance \u00c9nerg\u00e9tique R\u00e92020 - Maison passive bioclimatique ossature bois isolation paille","isPartOf":{"@id":"https:\/\/www.maisonbeausoleil.fr\/#website"},"datePublished":"2016-05-18T11:18:16+00:00","dateModified":"2025-10-15T15:18:30+00:00","description":"Explorez les caract\u00e9ristiques de la maison passive Mayenne, incluant des mat\u00e9riaux \u00e9cologiques et une performance \u00e9nerg\u00e9tique RE2020.","breadcrumb":{"@id":"https:\/\/www.maisonbeausoleil.fr\/index.php\/construction-maison-passive-ossature-bois-paille-mayenne-53\/#breadcrumb"},"inLanguage":"fr-FR","potentialAction":[{"@type":"ReadAction","target":["https:\/\/www.maisonbeausoleil.fr\/index.php\/construction-maison-passive-ossature-bois-paille-mayenne-53\/"]}]},{"@type":"BreadcrumbList","@id":"https:\/\/www.maisonbeausoleil.fr\/index.php\/construction-maison-passive-ossature-bois-paille-mayenne-53\/#breadcrumb","itemListElement":[{"@type":"ListItem","position":1,"name":"Accueil","item":"https:\/\/www.maisonbeausoleil.fr\/index.php\/construire-en-paille-mayenne-53\/"},{"@type":"ListItem","position":2,"name":"R\u00e9alisations"}]},{"@type":"WebSite","@id":"https:\/\/www.maisonbeausoleil.fr\/#website","url":"https:\/\/www.maisonbeausoleil.fr\/","name":"Maison passive bioclimatique \u00e0 isolation paille","description":"JY Gommerel dessine votre maison passive bioclimatique isolation paille en Mayenne","publisher":{"@id":"https:\/\/www.maisonbeausoleil.fr\/#organization"},"alternateName":"Maison passive bioclimatique \u00e0 isolation paille en Mayenne 53","potentialAction":[{"@type":"SearchAction","target":{"@type":"EntryPoint","urlTemplate":"https:\/\/www.maisonbeausoleil.fr\/?s={search_term_string}"},"query-input":{"@type":"PropertyValueSpecification","valueRequired":true,"valueName":"search_term_string"}}],"inLanguage":"fr-FR"},{"@type":"Organization","@id":"https:\/\/www.maisonbeausoleil.fr\/#organization","name":"Maison passive bioclimatique \u00e0 isolation paille","alternateName":"Maison passive bioclimatique \u00e0 isolation paille en Mayenne 53","url":"https:\/\/www.maisonbeausoleil.fr\/","logo":{"@type":"ImageObject","inLanguage":"fr-FR","@id":"https:\/\/www.maisonbeausoleil.fr\/#\/schema\/logo\/image\/","url":"https:\/\/www.maisonbeausoleil.fr\/wp-content\/uploads\/2021\/12\/LOGO-BEAUSOLEIL-FINAL.jpg","contentUrl":"https:\/\/www.maisonbeausoleil.fr\/wp-content\/uploads\/2021\/12\/LOGO-BEAUSOLEIL-FINAL.jpg","width":1080,"height":401,"caption":"Maison passive bioclimatique \u00e0 isolation paille"},"image":{"@id":"https:\/\/www.maisonbeausoleil.fr\/#\/schema\/logo\/image\/"},"sameAs":["https:\/\/www.facebook.com\/maisonenergiepositive\/?locale=fr_FR","https:\/\/x.com\/UC0WxY73_wQkCxambOiOLiGQ","https:\/\/www.gommerel-habitat-passif.com\/","https:\/\/www.youtube.com\/channel\/UC0WxY73_wQkCxambOiOLiGQ","https:\/\/www.instagram.com\/maison_passive_paille\/?hl=fr","https:\/\/www.facebook.com\/maisonenergiepositive\/"]}]}},"_links":{"self":[{"href":"https:\/\/www.maisonbeausoleil.fr\/index.php\/wp-json\/wp\/v2\/pages\/25","targetHints":{"allow":["GET"]}}],"collection":[{"href":"https:\/\/www.maisonbeausoleil.fr\/index.php\/wp-json\/wp\/v2\/pages"}],"about":[{"href":"https:\/\/www.maisonbeausoleil.fr\/index.php\/wp-json\/wp\/v2\/types\/page"}],"author":[{"embeddable":true,"href":"https:\/\/www.maisonbeausoleil.fr\/index.php\/wp-json\/wp\/v2\/users\/1"}],"replies":[{"embeddable":true,"href":"https:\/\/www.maisonbeausoleil.fr\/index.php\/wp-json\/wp\/v2\/comments?post=25"}],"version-history":[{"count":203,"href":"https:\/\/www.maisonbeausoleil.fr\/index.php\/wp-json\/wp\/v2\/pages\/25\/revisions"}],"predecessor-version":[{"id":2567,"href":"https:\/\/www.maisonbeausoleil.fr\/index.php\/wp-json\/wp\/v2\/pages\/25\/revisions\/2567"}],"wp:attachment":[{"href":"https:\/\/www.maisonbeausoleil.fr\/index.php\/wp-json\/wp\/v2\/media?parent=25"}],"curies":[{"name":"wp","href":"https:\/\/api.w.org\/{rel}","templated":true}]}}